{"id":2891,"date":"2026-04-22T22:17:33","date_gmt":"2026-04-22T22:17:33","guid":{"rendered":"https:\/\/straye.no\/utkast\/utkast-horizon-k3-20260422\/"},"modified":"2026-04-22T22:17:33","modified_gmt":"2026-04-22T22:17:33","slug":"utkast-horizon-k3-20260422","status":"publish","type":"page","link":"https:\/\/straye.no\/sv\/utkast\/utkast-horizon-k3-20260422\/","title":{"rendered":"UTKAST: Horizon K3 p\u00e5 Gardermoen"},"content":{"rendered":"<p><em>Detta \u00e4r ett uppdaterat arbetsutkast f\u00f6r granskning. Inneh\u00e5ller f\u00f6rslag p\u00e5 personlig vinkel, en bild av Andreas Bure och ett f\u00f6reslaget citat som m\u00e5ste verifieras av Andreas f\u00f6re eventuell publicering.<\/em><\/p>\n<p>Straye har f\u00e5tt projektet Horizon K3 i Oslo Logistikpark Gardermoen (GNP2), en modernt kombinerad lager- och kontorsbyggnad i kvarter K3.<\/p>\n<p>Projektet blir ett sp\u00e4nnande tillskott i ett omr\u00e5de som \u00e4r centralt f\u00f6r logistik och n\u00e4ringsutveckling p\u00e5 Gardermoen. Materialet pekar p\u00e5 tydliga ambitioner f\u00f6r funktionalitet, kvalitet och h\u00e5llbarhet, n\u00e5got som passar v\u00e4l med Strayes erfarenhet fr\u00e5n moderna n\u00e4rings- och logistikbyggnader.<\/p>\n<p><img decoding=\"async\" src=\"https:\/\/straye.no\/wp-content\/uploads\/2026\/04\/AndreasBure_BW_1000_v3.jpg\" alt=\"Andreas Bure, markedsdirekt\u00f8r i Straye\" width=\"320\" class=\"aligncenter wp-image-2858\" srcset=\"https:\/\/straye.no\/wp-content\/uploads\/2026\/04\/AndreasBure_BW_1000_v3.jpg 1000w, https:\/\/straye.no\/wp-content\/uploads\/2026\/04\/AndreasBure_BW_1000_v3-300x300.jpg 300w, https:\/\/straye.no\/wp-content\/uploads\/2026\/04\/AndreasBure_BW_1000_v3-150x150.jpg 150w, https:\/\/straye.no\/wp-content\/uploads\/2026\/04\/AndreasBure_BW_1000_v3-768x768.jpg 768w, https:\/\/straye.no\/wp-content\/uploads\/2026\/04\/AndreasBure_BW_1000_v3-12x12.jpg 12w, https:\/\/straye.no\/wp-content\/uploads\/2026\/04\/AndreasBure_BW_1000_v3-100x100.jpg 100w\" sizes=\"(max-width: 1000px) 100vw, 1000px\" \/><\/p>\n<blockquote>\n<p><em>\u2013 Det \u00e4r mycket gl\u00e4djande att f\u00e5 Horizon K3. Det h\u00e4r \u00e4r ett projekt som passar v\u00e5r kompetens v\u00e4l, och vi ser fram emot att bidra till en solid och fram\u00e5tblickande byggnad p\u00e5 Gardermoen.<\/em><\/p>\n<p><strong>F\u00f6rslag p\u00e5 citat \u2013 m\u00e5ste godk\u00e4nnas av Andreas Bure f\u00f6re publicering<\/strong><\/p>\n<\/blockquote>\n<p>F\u00f6r Straye \u00e4r projektet ocks\u00e5 ett bra exempel p\u00e5 f\u00f6retagets fortsatta satsning inom logistikbyggnader, lagerhallar och moderna kombinationsbyggnader f\u00f6r handel och drift.<\/p>\n<p>Vi \u00e4r stolta \u00f6ver f\u00f6rtroendet vi har f\u00e5tt och ser fram emot att bidra till genomf\u00f6randet av ett solitt och fram\u00e5tblickande projekt p\u00e5 Gardermoen.<\/p>\n<hr \/>\n<p><strong>Fakta om projektet<\/strong><br \/>\n<strong>Projekt<\/strong> Horisont K3<br \/>\n<strong>Plats:<\/strong> Oslo Logistikpark Gardermoen (GNP2), kvarter K3<br \/>\n<strong>Byggnadstyp:<\/strong> Kombinerad lager- och kontorsbyggnad<\/p>\n<hr \/>\n<p><strong>Kontakt<\/strong><br \/>\nAndreas Bure, marknadsdirekt\u00f6r<br \/>\nMobil: 920 83 851<br \/>\nE-post: <a href=\"mailto:andreas@straye.no\">andreas@straye.no<\/a><\/p>","protected":false},"excerpt":{"rendered":"<p>Dette er et oppdatert arbeidsutkast til gjennomlesning. Inneholder forslag til personlig vinkel, bilde av Andreas Bure og et foresl\u00e5tt sitat som m\u00e5 verifiseres av Andreas f\u00f8r eventuell publisering. Straye har f\u00e5tt prosjektet Horizon K3 i Oslo Logistikkpark Gardermoen (GNP2), et moderne kombinert lager- og kontorbygg i kvartal K3. Prosjektet blir et spennende tilskudd i et omr\u00e5de som er sentralt for &#8230; <\/p>\n<div><a href=\"https:\/\/straye.no\/sv\/utkast\/utkast-horizon-k3-20260422\/\" class=\"more-link\">L\u00e4s mer om<\/a><\/div>","protected":false},"author":8,"featured_media":2858,"parent":2884,"menu_order":0,"comment_status":"closed","ping_status":"closed","template":"","meta":{"_acf_changed":false,"inline_featured_image":false,"footnotes":""},"tags":[],"firmaer":[],"class_list":["post-2891","page","type-page","status-publish","has-post-thumbnail","hentry"],"acf":[],"yoast_head":"<!-- This site is optimized with the Yoast SEO plugin v27.5 - https:\/\/yoast.com\/product\/yoast-seo-wordpress\/ -->\n<title>UTKAST: Horizon K3 p\u00e5 Gardermoen - Straye<\/title>\n<meta name=\"robots\" content=\"index, follow, max-snippet:-1, max-image-preview:large, max-video-preview:-1\" \/>\n<link rel=\"canonical\" href=\"https:\/\/straye.no\/sv\/utkast\/utkast-horizon-k3-20260422\/\" \/>\n<meta property=\"og:locale\" content=\"sv_SE\" \/>\n<meta property=\"og:type\" content=\"article\" \/>\n<meta property=\"og:title\" content=\"UTKAST: Horizon K3 p\u00e5 Gardermoen - Straye\" \/>\n<meta property=\"og:description\" content=\"Dette er et oppdatert arbeidsutkast til gjennomlesning. Inneholder forslag til personlig vinkel, bilde av Andreas Bure og et foresl\u00e5tt sitat som m\u00e5 verifiseres av Andreas f\u00f8r eventuell publisering. Straye har f\u00e5tt prosjektet Horizon K3 i Oslo Logistikkpark Gardermoen (GNP2), et moderne kombinert lager- og kontorbygg i kvartal K3. Prosjektet blir et spennende tilskudd i et omr\u00e5de som er sentralt for ... Read More\" \/>\n<meta property=\"og:url\" content=\"https:\/\/straye.no\/sv\/utkast\/utkast-horizon-k3-20260422\/\" \/>\n<meta property=\"og:site_name\" content=\"Straye\" \/>\n<meta property=\"og:image\" content=\"https:\/\/straye.no\/wp-content\/uploads\/2026\/04\/AndreasBure_BW_1000_v3.jpg\" \/>\n\t<meta property=\"og:image:width\" content=\"1000\" \/>\n\t<meta property=\"og:image:height\" content=\"1000\" \/>\n\t<meta property=\"og:image:type\" content=\"image\/jpeg\" \/>\n<meta name=\"twitter:card\" content=\"summary_large_image\" \/>\n<meta name=\"twitter:label1\" content=\"Ber\u00e4knad l\u00e4stid\" \/>\n\t<meta name=\"twitter:data1\" content=\"1 minut\" \/>\n<script type=\"application\/ld+json\" class=\"yoast-schema-graph\">{\"@context\":\"https:\\\/\\\/schema.org\",\"@graph\":[{\"@type\":\"WebPage\",\"@id\":\"https:\\\/\\\/straye.no\\\/utkast\\\/utkast-horizon-k3-20260422\\\/\",\"url\":\"https:\\\/\\\/straye.no\\\/utkast\\\/utkast-horizon-k3-20260422\\\/\",\"name\":\"UTKAST: Horizon K3 p\u00e5 Gardermoen - Straye\",\"isPartOf\":{\"@id\":\"https:\\\/\\\/straye.no\\\/#website\"},\"primaryImageOfPage\":{\"@id\":\"https:\\\/\\\/straye.no\\\/utkast\\\/utkast-horizon-k3-20260422\\\/#primaryimage\"},\"image\":{\"@id\":\"https:\\\/\\\/straye.no\\\/utkast\\\/utkast-horizon-k3-20260422\\\/#primaryimage\"},\"thumbnailUrl\":\"https:\\\/\\\/straye.no\\\/wp-content\\\/uploads\\\/2026\\\/04\\\/AndreasBure_BW_1000_v3.jpg\",\"datePublished\":\"2026-04-22T22:17:33+00:00\",\"breadcrumb\":{\"@id\":\"https:\\\/\\\/straye.no\\\/utkast\\\/utkast-horizon-k3-20260422\\\/#breadcrumb\"},\"inLanguage\":\"sv-SE\",\"potentialAction\":[{\"@type\":\"ReadAction\",\"target\":[\"https:\\\/\\\/straye.no\\\/utkast\\\/utkast-horizon-k3-20260422\\\/\"]}]},{\"@type\":\"ImageObject\",\"inLanguage\":\"sv-SE\",\"@id\":\"https:\\\/\\\/straye.no\\\/utkast\\\/utkast-horizon-k3-20260422\\\/#primaryimage\",\"url\":\"https:\\\/\\\/straye.no\\\/wp-content\\\/uploads\\\/2026\\\/04\\\/AndreasBure_BW_1000_v3.jpg\",\"contentUrl\":\"https:\\\/\\\/straye.no\\\/wp-content\\\/uploads\\\/2026\\\/04\\\/AndreasBure_BW_1000_v3.jpg\",\"width\":1000,\"height\":1000},{\"@type\":\"BreadcrumbList\",\"@id\":\"https:\\\/\\\/straye.no\\\/utkast\\\/utkast-horizon-k3-20260422\\\/#breadcrumb\",\"itemListElement\":[{\"@type\":\"ListItem\",\"position\":1,\"name\":\"Hjem\",\"item\":\"https:\\\/\\\/straye.no\\\/\"},{\"@type\":\"ListItem\",\"position\":2,\"name\":\"Utkast\",\"item\":\"https:\\\/\\\/straye.no\\\/utkast\\\/\"},{\"@type\":\"ListItem\",\"position\":3,\"name\":\"UTKAST: Horizon K3 p\u00e5 Gardermoen\"}]},{\"@type\":\"WebSite\",\"@id\":\"https:\\\/\\\/straye.no\\\/#website\",\"url\":\"https:\\\/\\\/straye.no\\\/\",\"name\":\"Straye Gruppen AS\",\"description\":\"Straye\",\"potentialAction\":[{\"@type\":\"SearchAction\",\"target\":{\"@type\":\"EntryPoint\",\"urlTemplate\":\"https:\\\/\\\/straye.no\\\/?s={search_term_string}\"},\"query-input\":{\"@type\":\"PropertyValueSpecification\",\"valueRequired\":true,\"valueName\":\"search_term_string\"}}],\"inLanguage\":\"sv-SE\"}]}<\/script>\n<!-- \/ Yoast SEO plugin. -->","yoast_head_json":{"title":"UTKAST: Horizon K3 p\u00e5 Gardermoen - Straye","robots":{"index":"index","follow":"follow","max-snippet":"max-snippet:-1","max-image-preview":"max-image-preview:large","max-video-preview":"max-video-preview:-1"},"canonical":"https:\/\/straye.no\/sv\/utkast\/utkast-horizon-k3-20260422\/","og_locale":"sv_SE","og_type":"article","og_title":"UTKAST: Horizon K3 p\u00e5 Gardermoen - Straye","og_description":"Dette er et oppdatert arbeidsutkast til gjennomlesning. Inneholder forslag til personlig vinkel, bilde av Andreas Bure og et foresl\u00e5tt sitat som m\u00e5 verifiseres av Andreas f\u00f8r eventuell publisering. Straye har f\u00e5tt prosjektet Horizon K3 i Oslo Logistikkpark Gardermoen (GNP2), et moderne kombinert lager- og kontorbygg i kvartal K3. Prosjektet blir et spennende tilskudd i et omr\u00e5de som er sentralt for ... Read More","og_url":"https:\/\/straye.no\/sv\/utkast\/utkast-horizon-k3-20260422\/","og_site_name":"Straye","og_image":[{"width":1000,"height":1000,"url":"https:\/\/straye.no\/wp-content\/uploads\/2026\/04\/AndreasBure_BW_1000_v3.jpg","type":"image\/jpeg"}],"twitter_card":"summary_large_image","twitter_misc":{"Ber\u00e4knad l\u00e4stid":"1 minut"},"schema":{"@context":"https:\/\/schema.org","@graph":[{"@type":"WebPage","@id":"https:\/\/straye.no\/utkast\/utkast-horizon-k3-20260422\/","url":"https:\/\/straye.no\/utkast\/utkast-horizon-k3-20260422\/","name":"UTKAST: Horizon K3 p\u00e5 Gardermoen - Straye","isPartOf":{"@id":"https:\/\/straye.no\/#website"},"primaryImageOfPage":{"@id":"https:\/\/straye.no\/utkast\/utkast-horizon-k3-20260422\/#primaryimage"},"image":{"@id":"https:\/\/straye.no\/utkast\/utkast-horizon-k3-20260422\/#primaryimage"},"thumbnailUrl":"https:\/\/straye.no\/wp-content\/uploads\/2026\/04\/AndreasBure_BW_1000_v3.jpg","datePublished":"2026-04-22T22:17:33+00:00","breadcrumb":{"@id":"https:\/\/straye.no\/utkast\/utkast-horizon-k3-20260422\/#breadcrumb"},"inLanguage":"sv-SE","potentialAction":[{"@type":"ReadAction","target":["https:\/\/straye.no\/utkast\/utkast-horizon-k3-20260422\/"]}]},{"@type":"ImageObject","inLanguage":"sv-SE","@id":"https:\/\/straye.no\/utkast\/utkast-horizon-k3-20260422\/#primaryimage","url":"https:\/\/straye.no\/wp-content\/uploads\/2026\/04\/AndreasBure_BW_1000_v3.jpg","contentUrl":"https:\/\/straye.no\/wp-content\/uploads\/2026\/04\/AndreasBure_BW_1000_v3.jpg","width":1000,"height":1000},{"@type":"BreadcrumbList","@id":"https:\/\/straye.no\/utkast\/utkast-horizon-k3-20260422\/#breadcrumb","itemListElement":[{"@type":"ListItem","position":1,"name":"Hjem","item":"https:\/\/straye.no\/"},{"@type":"ListItem","position":2,"name":"Utkast","item":"https:\/\/straye.no\/utkast\/"},{"@type":"ListItem","position":3,"name":"UTKAST: Horizon K3 p\u00e5 Gardermoen"}]},{"@type":"WebSite","@id":"https:\/\/straye.no\/#website","url":"https:\/\/straye.no\/","name":"Straye Group AS","description":"Straye","potentialAction":[{"@type":"SearchAction","target":{"@type":"EntryPoint","urlTemplate":"https:\/\/straye.no\/?s={search_term_string}"},"query-input":{"@type":"PropertyValueSpecification","valueRequired":true,"valueName":"search_term_string"}}],"inLanguage":"sv-SE"}]}},"_links":{"self":[{"href":"https:\/\/straye.no\/sv\/wp-json\/wp\/v2\/pages\/2891","targetHints":{"allow":["GET"]}}],"collection":[{"href":"https:\/\/straye.no\/sv\/wp-json\/wp\/v2\/pages"}],"about":[{"href":"https:\/\/straye.no\/sv\/wp-json\/wp\/v2\/types\/page"}],"author":[{"embeddable":true,"href":"https:\/\/straye.no\/sv\/wp-json\/wp\/v2\/users\/8"}],"replies":[{"embeddable":true,"href":"https:\/\/straye.no\/sv\/wp-json\/wp\/v2\/comments?post=2891"}],"version-history":[{"count":0,"href":"https:\/\/straye.no\/sv\/wp-json\/wp\/v2\/pages\/2891\/revisions"}],"up":[{"embeddable":true,"href":"https:\/\/straye.no\/sv\/wp-json\/wp\/v2\/pages\/2884"}],"wp:featuredmedia":[{"embeddable":true,"href":"https:\/\/straye.no\/sv\/wp-json\/wp\/v2\/media\/2858"}],"wp:attachment":[{"href":"https:\/\/straye.no\/sv\/wp-json\/wp\/v2\/media?parent=2891"}],"wp:term":[{"taxonomy":"post_tag","embeddable":true,"href":"https:\/\/straye.no\/sv\/wp-json\/wp\/v2\/tags?post=2891"},{"taxonomy":"firmaer","embeddable":true,"href":"https:\/\/straye.no\/sv\/wp-json\/wp\/v2\/firmaer?post=2891"}],"curies":[{"name":"wp","href":"https:\/\/api.w.org\/{rel}","templated":true}]}}