{"id":2353,"date":"2025-02-19T09:45:14","date_gmt":"2025-02-19T09:45:14","guid":{"rendered":"https:\/\/straye.no\/?page_id=2353"},"modified":"2025-05-07T09:03:29","modified_gmt":"2025-05-07T09:03:29","slug":"tak","status":"publish","type":"page","link":"https:\/\/straye.no\/sv\/feed-sharepoint\/tak\/","title":{"rendered":"Tak"},"content":{"rendered":"<div id=\"cs-content\" class=\"cs-content\"><div class=\"x-section e2353-e1 m1td-0\"><div class=\"x-row e2353-e2 m1td-4 m1td-5\"><div class=\"x-row-inner\"><a class=\"x-col e2353-e3 m1td-6 m1td-1 m1td-2\" href=\"https:\/\/straye.no\/sv\/aktuelt\/vi-soker-taktekkere-trondheim-norge\/\" data-x-effect-provider=\"colors particles effects\" data-x-effect=\"{&quot;durationBase&quot;:&quot;400ms&quot;}\"><figure class=\"x-div e2353-e4 m1td-7 m1td-8\"><span class=\"x-image e2353-e5 m1td-a\"><img decoding=\"async\" src=\"https:\/\/straye.no\/wp-content\/uploads\/2026\/02\/Taktekker_toppbilde2-scaled.jpg\" width=\"1280\" height=\"322\" alt=\"Featured image for \u201cVi s\u00f8ker dyktige taktekkere \u2013 Trondheim og resten av Norge\u201d\" loading=\"lazy\"><\/span><\/figure><article class=\"x-div e2353-e6 m1td-8 m1td-9\"><div class=\"x-text x-text-headline e2353-e7 m1td-b m1td-1 m1td-3\"><div class=\"x-text-content\"><div class=\"x-text-content-text\"><h2 class=\"x-text-content-text-primary\">Vi s\u00f6ker duktiga takl\u00e4ggare - Trondheim och resten av Norge<\/h2>\n<\/div><\/div><\/div><div class=\"x-text x-content e2353-e8 m1td-c\">Lediga tj\u00e4nster Arbetsgivare: Straye Tak AS Arbetstitel: Takl\u00e4ggare Anst\u00e4llningsform: Tillsvidareanst\u00e4llning Sista ans\u00f6kningsdag: Snarast m\u00f6jligt (ans\u00f6kningar behandlas l\u00f6pande) Arbetsort: Trondheim och \u00f6vriga delar av...<\/div><\/article><\/a><a class=\"x-col e2353-e3 m1td-6 m1td-1 m1td-2\" href=\"https:\/\/straye.no\/sv\/aktuelt\/nyttarshilsen2026\/\" data-x-effect-provider=\"colors particles effects\" data-x-effect=\"{&quot;durationBase&quot;:&quot;400ms&quot;}\"><figure class=\"x-div e2353-e4 m1td-7 m1td-8\"><span class=\"x-image e2353-e5 m1td-a\"><img decoding=\"async\" src=\"https:\/\/straye.no\/wp-content\/uploads\/2025\/12\/StrayeFyrverkeri-scaled.jpg\" width=\"1280\" height=\"300\" alt=\"Featured image for \u201cGodt nytt \u00e5r fra Straye!\u201d\" loading=\"lazy\"><\/span><\/figure><article class=\"x-div e2353-e6 m1td-8 m1td-9\"><div class=\"x-text x-text-headline e2353-e7 m1td-b m1td-1 m1td-3\"><div class=\"x-text-content\"><div class=\"x-text-content-text\"><h2 class=\"x-text-content-text-primary\">Gott nytt \u00e5r fr\u00e5n Straye!<\/h2>\n<\/div><\/div><\/div><div class=\"x-text x-content e2353-e8 m1td-c\">2025 har varit ett tufft \u00e5r f\u00f6r m\u00e5nga entrepren\u00f6rer i branschen. Men Straye - genom Straye St\u00e5lbygg, Straye Hybridbygg,...<\/div><\/article><\/a><a class=\"x-col e2353-e3 m1td-6 m1td-1 m1td-2\" href=\"https:\/\/straye.no\/sv\/aktuelt\/pl_tettbyggentrepriser\/\" data-x-effect-provider=\"colors particles effects\" data-x-effect=\"{&quot;durationBase&quot;:&quot;400ms&quot;}\"><figure class=\"x-div e2353-e4 m1td-7 m1td-8\"><span class=\"x-image e2353-e5 m1td-a\"><img decoding=\"async\" src=\"https:\/\/straye.no\/wp-content\/uploads\/2025\/03\/Straye_prosjektleder-scaled.jpg\" width=\"1280\" height=\"322\" alt=\"Featured image for \u201cProsjektleder Tettbygg entrepriser Straye Gruppen\u201d\" loading=\"lazy\"><\/span><\/figure><article class=\"x-div e2353-e6 m1td-8 m1td-9\"><div class=\"x-text x-text-headline e2353-e7 m1td-b m1td-1 m1td-3\"><div class=\"x-text-content\"><div class=\"x-text-content-text\"><h2 class=\"x-text-content-text-primary\">Projektledare, t\u00e4ta byggentreprenader, Straye Gruppen<\/h2>\n<\/div><\/div><\/div><div class=\"x-text x-content e2353-e8 m1td-c\">Ledigt jobb Straye Gruppen AS grundades 2007. Sedan dess har f\u00f6retaget vuxit till 150 anst\u00e4llda, och...<\/div><\/article><\/a><a class=\"x-col e2353-e3 m1td-6 m1td-1 m1td-2\" href=\"https:\/\/straye.no\/sv\/aktuelt\/lagerseksjoner-i-valer_tak\/\" data-x-effect-provider=\"colors particles effects\" data-x-effect=\"{&quot;durationBase&quot;:&quot;400ms&quot;}\"><figure class=\"x-div e2353-e4 m1td-7 m1td-8\"><span class=\"x-image e2353-e5 m1td-a\"><img decoding=\"async\" src=\"https:\/\/straye.no\/wp-content\/uploads\/2025\/01\/Vaaler_lager_toppbilde_v2.jpg\" width=\"800\" height=\"371\" alt=\"Featured image for \u201cLagerseksjoner i V\u00e5ler\u201d\" loading=\"lazy\"><\/span><\/figure><article class=\"x-div e2353-e6 m1td-8 m1td-9\"><div class=\"x-text x-text-headline e2353-e7 m1td-b m1td-1 m1td-3\"><div class=\"x-text-content\"><div class=\"x-text-content-text\"><h2 class=\"x-text-content-text-primary\">Lagersektioner i V\u00e5ler<\/h2>\n<\/div><\/div><\/div><div class=\"x-text x-content e2353-e8 m1td-c\">Straye St\u00e5lbygg levererar t\u00e4tbyggnadskontrakt till totalentrepren\u00f6ren TR Eiendom p\u00e5 nya funktionella lagersektioner i V\u00e5ler.Best\u00e4llare: T.R. EiendomTotalentrepren\u00f6r: T.R. EiendomArea: 5850...<\/div><\/article><\/a><a class=\"x-col e2353-e3 m1td-6 m1td-1 m1td-2\" href=\"https:\/\/straye.no\/sv\/aktuelt\/tilbygg-pa-new-wave-i-rade_tak\/\" data-x-effect-provider=\"colors particles effects\" data-x-effect=\"{&quot;durationBase&quot;:&quot;400ms&quot;}\"><figure class=\"x-div e2353-e4 m1td-7 m1td-8\"><span class=\"x-image e2353-e5 m1td-a\"><img decoding=\"async\" src=\"https:\/\/straye.no\/wp-content\/uploads\/2024\/11\/DJI_20240527074854_0631_D_web.jpg\" width=\"750\" height=\"561\" alt=\"Featured image for \u201cTilbygg p\u00e5 New Wave i R\u00e5de\u201d\" loading=\"lazy\"><\/span><\/figure><article class=\"x-div e2353-e6 m1td-8 m1td-9\"><div class=\"x-text x-text-headline e2353-e7 m1td-b m1td-1 m1td-3\"><div class=\"x-text-content\"><div class=\"x-text-content-text\"><h2 class=\"x-text-content-text-primary\">Tillbyggnad p\u00e5 New Wave i R\u00e5de<\/h2>\n<\/div><\/div><\/div><div class=\"x-text x-content e2353-e8 m1td-c\">Under 2017 byggde Norbygg logistik- och kontorsbyggnaden f\u00f6r grossisten New Wave i R\u00e5de och nu fanns det ett behov av expansion....<\/div><\/article><\/a><a class=\"x-col e2353-e3 m1td-6 m1td-1 m1td-2\" href=\"https:\/\/straye.no\/sv\/aktuelt\/idyllfestivalen_2024\/\" data-x-effect-provider=\"colors particles effects\" data-x-effect=\"{&quot;durationBase&quot;:&quot;400ms&quot;}\"><figure class=\"x-div e2353-e4 m1td-7 m1td-8\"><span class=\"x-image e2353-e5 m1td-a\"><img decoding=\"async\" src=\"https:\/\/straye.no\/wp-content\/uploads\/2024\/04\/Straye_Idyll_aktuelt_v2.jpg\" width=\"1280\" height=\"320\" alt=\"Featured image for \u201cIdyllfestivalen 2024\u201d\" loading=\"lazy\"><\/span><\/figure><article class=\"x-div e2353-e6 m1td-8 m1td-9\"><div class=\"x-text x-text-headline e2353-e7 m1td-b m1td-1 m1td-3\"><div class=\"x-text-content\"><div class=\"x-text-content-text\"><h2 class=\"x-text-content-text-primary\">Idyll Festival 2024<\/h2>\n<\/div><\/div><\/div><div class=\"x-text x-content e2353-e8 m1td-c\">Straye Gruppen \u00e4r guldsponsor till IDYLL-festivalen \u2b50\ufe0fI I samband med detta drog vi en vinnare p\u00e5...<\/div><\/article><\/a><\/div><\/div><\/div><\/div>","protected":false},"excerpt":{"rendered":"<p>Vi s\u00f6ker duktiga takl\u00e4ggare - Trondheim och resten av Norge Lediga tj\u00e4nster Arbetsgivare: Straye Tak AS Arbetstitel: Takl\u00e4ggare Anst\u00e4llningsform: Tillsvidareanst\u00e4llning Sista ans\u00f6kningsdag: Snarast m\u00f6jligt (ans\u00f6kningar behandlas l\u00f6pande) Arbetsort: Trondheim och \u00f6vriga Norge...Gott nytt \u00e5r fr\u00e5n Straye! 2025 har varit ett tufft \u00e5r f\u00f6r m\u00e5nga entrepren\u00f6rer i branschen. Trots det har Straye - genom Straye St\u00e5lbygg, Straye Hybridbygg, Straye...Projektledare, t\u00e4ta entreprenader Straye Gruppen Vacancy... <\/p>\n<div><a href=\"https:\/\/straye.no\/sv\/feed-sharepoint\/tak\/\" class=\"more-link\">L\u00e4s mer om<\/a><\/div>","protected":false},"author":1,"featured_media":0,"parent":2324,"menu_order":0,"comment_status":"closed","ping_status":"closed","template":"template-blank-6.php","meta":{"_acf_changed":false,"inline_featured_image":false,"footnotes":""},"tags":[],"firmaer":[],"class_list":["post-2353","page","type-page","status-publish","hentry","no-post-thumbnail"],"acf":[],"yoast_head":"<!-- This site is optimized with the Yoast SEO plugin v27.5 - https:\/\/yoast.com\/product\/yoast-seo-wordpress\/ -->\n<title>Tak - Straye<\/title>\n<meta name=\"robots\" content=\"noindex, follow\" \/>\n<meta property=\"og:locale\" content=\"sv_SE\" \/>\n<meta property=\"og:type\" content=\"article\" \/>\n<meta property=\"og:title\" content=\"Tak - Straye\" \/>\n<meta property=\"og:description\" content=\"Vi s\u00f8ker dyktige taktekkere \u2013 Trondheim og resten av Norge Stillinger ledig Arbeidsgiver: Straye Tak AS Stillingstittel: Taktekker Ansettelsesform: Fast S\u00f8knadsfrist: Snarest (s\u00f8knader vurderes fortl\u00f8pende) Arbeidssted: Trondheim og \u00f8vrig i\u2026Godt nytt \u00e5r fra Straye! 2025 har v\u00e6rt et t\u00f8ft \u00e5r for mange entrepren\u00f8rer i bransjen. Likevel har Straye \u2013 gjennom Straye St\u00e5lbygg, Straye Hybridbygg,\u2026Prosjektleder Tettbygg entrepriser Straye Gruppen Stilling ledig ... Read More\" \/>\n<meta property=\"og:url\" content=\"https:\/\/straye.no\/sv\/feed-sharepoint\/tak\/\" \/>\n<meta property=\"og:site_name\" content=\"Straye\" \/>\n<meta property=\"article:modified_time\" content=\"2025-05-07T09:03:29+00:00\" \/>\n<meta name=\"twitter:card\" content=\"summary_large_image\" \/>\n<meta name=\"twitter:label1\" content=\"Ber\u00e4knad l\u00e4stid\" \/>\n\t<meta name=\"twitter:data1\" content=\"3 minuter\" \/>\n<script type=\"application\/ld+json\" class=\"yoast-schema-graph\">{\"@context\":\"https:\\\/\\\/schema.org\",\"@graph\":[{\"@type\":\"WebPage\",\"@id\":\"https:\\\/\\\/straye.no\\\/feed-sharepoint\\\/tak\\\/\",\"url\":\"https:\\\/\\\/straye.no\\\/feed-sharepoint\\\/tak\\\/\",\"name\":\"Tak - Straye\",\"isPartOf\":{\"@id\":\"https:\\\/\\\/straye.no\\\/#website\"},\"datePublished\":\"2025-02-19T09:45:14+00:00\",\"dateModified\":\"2025-05-07T09:03:29+00:00\",\"breadcrumb\":{\"@id\":\"https:\\\/\\\/straye.no\\\/feed-sharepoint\\\/tak\\\/#breadcrumb\"},\"inLanguage\":\"sv-SE\",\"potentialAction\":[{\"@type\":\"ReadAction\",\"target\":[\"https:\\\/\\\/straye.no\\\/feed-sharepoint\\\/tak\\\/\"]}]},{\"@type\":\"BreadcrumbList\",\"@id\":\"https:\\\/\\\/straye.no\\\/feed-sharepoint\\\/tak\\\/#breadcrumb\",\"itemListElement\":[{\"@type\":\"ListItem\",\"position\":1,\"name\":\"Hjem\",\"item\":\"https:\\\/\\\/straye.no\\\/\"},{\"@type\":\"ListItem\",\"position\":2,\"name\":\"Feed\",\"item\":\"https:\\\/\\\/straye.no\\\/feed-sharepoint\\\/\"},{\"@type\":\"ListItem\",\"position\":3,\"name\":\"Tak\"}]},{\"@type\":\"WebSite\",\"@id\":\"https:\\\/\\\/straye.no\\\/#website\",\"url\":\"https:\\\/\\\/straye.no\\\/\",\"name\":\"Straye Gruppen AS\",\"description\":\"Straye\",\"potentialAction\":[{\"@type\":\"SearchAction\",\"target\":{\"@type\":\"EntryPoint\",\"urlTemplate\":\"https:\\\/\\\/straye.no\\\/?s={search_term_string}\"},\"query-input\":{\"@type\":\"PropertyValueSpecification\",\"valueRequired\":true,\"valueName\":\"search_term_string\"}}],\"inLanguage\":\"sv-SE\"}]}<\/script>\n<!-- \/ Yoast SEO plugin. -->","yoast_head_json":{"title":"Tack - Straye","robots":{"index":"noindex","follow":"follow"},"og_locale":"sv_SE","og_type":"article","og_title":"Tak - Straye","og_description":"Vi s\u00f8ker dyktige taktekkere \u2013 Trondheim og resten av Norge Stillinger ledig Arbeidsgiver: Straye Tak AS Stillingstittel: Taktekker Ansettelsesform: Fast S\u00f8knadsfrist: Snarest (s\u00f8knader vurderes fortl\u00f8pende) Arbeidssted: Trondheim og \u00f8vrig i\u2026Godt nytt \u00e5r fra Straye! 2025 har v\u00e6rt et t\u00f8ft \u00e5r for mange entrepren\u00f8rer i bransjen. Likevel har Straye \u2013 gjennom Straye St\u00e5lbygg, Straye Hybridbygg,\u2026Prosjektleder Tettbygg entrepriser Straye Gruppen Stilling ledig ... Read More","og_url":"https:\/\/straye.no\/sv\/feed-sharepoint\/tak\/","og_site_name":"Straye","article_modified_time":"2025-05-07T09:03:29+00:00","twitter_card":"summary_large_image","twitter_misc":{"Ber\u00e4knad l\u00e4stid":"3 minuter"},"schema":{"@context":"https:\/\/schema.org","@graph":[{"@type":"WebPage","@id":"https:\/\/straye.no\/feed-sharepoint\/tak\/","url":"https:\/\/straye.no\/feed-sharepoint\/tak\/","name":"Tack - Straye","isPartOf":{"@id":"https:\/\/straye.no\/#website"},"datePublished":"2025-02-19T09:45:14+00:00","dateModified":"2025-05-07T09:03:29+00:00","breadcrumb":{"@id":"https:\/\/straye.no\/feed-sharepoint\/tak\/#breadcrumb"},"inLanguage":"sv-SE","potentialAction":[{"@type":"ReadAction","target":["https:\/\/straye.no\/feed-sharepoint\/tak\/"]}]},{"@type":"BreadcrumbList","@id":"https:\/\/straye.no\/feed-sharepoint\/tak\/#breadcrumb","itemListElement":[{"@type":"ListItem","position":1,"name":"Hjem","item":"https:\/\/straye.no\/"},{"@type":"ListItem","position":2,"name":"Feed","item":"https:\/\/straye.no\/feed-sharepoint\/"},{"@type":"ListItem","position":3,"name":"Tak"}]},{"@type":"WebSite","@id":"https:\/\/straye.no\/#website","url":"https:\/\/straye.no\/","name":"Straye Group AS","description":"Straye","potentialAction":[{"@type":"SearchAction","target":{"@type":"EntryPoint","urlTemplate":"https:\/\/straye.no\/?s={search_term_string}"},"query-input":{"@type":"PropertyValueSpecification","valueRequired":true,"valueName":"search_term_string"}}],"inLanguage":"sv-SE"}]}},"_links":{"self":[{"href":"https:\/\/straye.no\/sv\/wp-json\/wp\/v2\/pages\/2353","targetHints":{"allow":["GET"]}}],"collection":[{"href":"https:\/\/straye.no\/sv\/wp-json\/wp\/v2\/pages"}],"about":[{"href":"https:\/\/straye.no\/sv\/wp-json\/wp\/v2\/types\/page"}],"author":[{"embeddable":true,"href":"https:\/\/straye.no\/sv\/wp-json\/wp\/v2\/users\/1"}],"replies":[{"embeddable":true,"href":"https:\/\/straye.no\/sv\/wp-json\/wp\/v2\/comments?post=2353"}],"version-history":[{"count":3,"href":"https:\/\/straye.no\/sv\/wp-json\/wp\/v2\/pages\/2353\/revisions"}],"predecessor-version":[{"id":2356,"href":"https:\/\/straye.no\/sv\/wp-json\/wp\/v2\/pages\/2353\/revisions\/2356"}],"up":[{"embeddable":true,"href":"https:\/\/straye.no\/sv\/wp-json\/wp\/v2\/pages\/2324"}],"wp:attachment":[{"href":"https:\/\/straye.no\/sv\/wp-json\/wp\/v2\/media?parent=2353"}],"wp:term":[{"taxonomy":"post_tag","embeddable":true,"href":"https:\/\/straye.no\/sv\/wp-json\/wp\/v2\/tags?post=2353"},{"taxonomy":"firmaer","embeddable":true,"href":"https:\/\/straye.no\/sv\/wp-json\/wp\/v2\/firmaer?post=2353"}],"curies":[{"name":"wp","href":"https:\/\/api.w.org\/{rel}","templated":true}]}}