{"id":2345,"date":"2025-02-19T09:46:44","date_gmt":"2025-02-19T09:46:44","guid":{"rendered":"https:\/\/straye.no\/?page_id=2345"},"modified":"2025-09-03T08:36:16","modified_gmt":"2025-09-03T08:36:16","slug":"hybridbygg","status":"publish","type":"page","link":"https:\/\/straye.no\/sv\/feed-sharepoint\/hybridbygg\/","title":{"rendered":"Hybridbyggnader"},"content":{"rendered":"<div id=\"cs-content\" class=\"cs-content\"><div class=\"x-section e2345-e1 m1t5-0\"><div class=\"x-row e2345-e2 m1t5-4 m1t5-5\"><div class=\"x-row-inner\"><a class=\"x-col e2345-e3 m1t5-6 m1t5-1 m1t5-2\" href=\"https:\/\/straye.no\/sv\/aktuelt\/nyttarshilsen2026\/\" data-x-effect-provider=\"colors particles effects\" data-x-effect=\"{&quot;durationBase&quot;:&quot;400ms&quot;}\"><figure class=\"x-div e2345-e4 m1t5-7 m1t5-8\"><span class=\"x-image e2345-e5 m1t5-a\"><img decoding=\"async\" src=\"https:\/\/straye.no\/wp-content\/uploads\/2025\/12\/StrayeFyrverkeri-scaled.jpg\" width=\"1280\" height=\"300\" alt=\"Featured image for \u201cGodt nytt \u00e5r fra Straye!\u201d\" loading=\"lazy\"><\/span><\/figure><article class=\"x-div e2345-e6 m1t5-8 m1t5-9\"><div class=\"x-text x-text-headline e2345-e7 m1t5-b m1t5-1 m1t5-3\"><div class=\"x-text-content\"><div class=\"x-text-content-text\"><h2 class=\"x-text-content-text-primary\">Gott nytt \u00e5r fr\u00e5n Straye!<\/h2>\n<\/div><\/div><\/div><div class=\"x-text x-content e2345-e8 m1t5-c\">2025 har varit ett tufft \u00e5r f\u00f6r m\u00e5nga entrepren\u00f6rer i branschen. Men Straye - genom Straye St\u00e5lbygg, Straye Hybridbygg,...<\/div><\/article><\/a><a class=\"x-col e2345-e3 m1t5-6 m1t5-1 m1t5-2\" href=\"https:\/\/straye.no\/sv\/aktuelt\/pl_tettbyggentrepriser\/\" data-x-effect-provider=\"colors particles effects\" data-x-effect=\"{&quot;durationBase&quot;:&quot;400ms&quot;}\"><figure class=\"x-div e2345-e4 m1t5-7 m1t5-8\"><span class=\"x-image e2345-e5 m1t5-a\"><img decoding=\"async\" src=\"https:\/\/straye.no\/wp-content\/uploads\/2025\/03\/Straye_prosjektleder-scaled.jpg\" width=\"1280\" height=\"322\" alt=\"Featured image for \u201cProsjektleder Tettbygg entrepriser Straye Gruppen\u201d\" loading=\"lazy\"><\/span><\/figure><article class=\"x-div e2345-e6 m1t5-8 m1t5-9\"><div class=\"x-text x-text-headline e2345-e7 m1t5-b m1t5-1 m1t5-3\"><div class=\"x-text-content\"><div class=\"x-text-content-text\"><h2 class=\"x-text-content-text-primary\">Projektledare, t\u00e4ta byggentreprenader, Straye Gruppen<\/h2>\n<\/div><\/div><\/div><div class=\"x-text x-content e2345-e8 m1t5-c\">Ledigt jobb Straye Gruppen AS grundades 2007. Sedan dess har f\u00f6retaget vuxit till 150 anst\u00e4llda, och...<\/div><\/article><\/a><a class=\"x-col e2345-e3 m1t5-6 m1t5-1 m1t5-2\" href=\"https:\/\/straye.no\/sv\/aktuelt\/idyllfestivalen_2024\/\" data-x-effect-provider=\"colors particles effects\" data-x-effect=\"{&quot;durationBase&quot;:&quot;400ms&quot;}\"><figure class=\"x-div e2345-e4 m1t5-7 m1t5-8\"><span class=\"x-image e2345-e5 m1t5-a\"><img decoding=\"async\" src=\"https:\/\/straye.no\/wp-content\/uploads\/2024\/04\/Straye_Idyll_aktuelt_v2.jpg\" width=\"1280\" height=\"320\" alt=\"Featured image for \u201cIdyllfestivalen 2024\u201d\" loading=\"lazy\"><\/span><\/figure><article class=\"x-div e2345-e6 m1t5-8 m1t5-9\"><div class=\"x-text x-text-headline e2345-e7 m1t5-b m1t5-1 m1t5-3\"><div class=\"x-text-content\"><div class=\"x-text-content-text\"><h2 class=\"x-text-content-text-primary\">Idyll Festival 2024<\/h2>\n<\/div><\/div><\/div><div class=\"x-text x-content e2345-e8 m1t5-c\">Straye Gruppen \u00e4r guldsponsor till IDYLL-festivalen \u2b50\ufe0fI I samband med detta drog vi en vinnare p\u00e5...<\/div><\/article><\/a><a class=\"x-col e2345-e3 m1t5-6 m1t5-1 m1t5-2\" href=\"https:\/\/straye.no\/sv\/aktuelt\/norwegian-steam-team-straye-en-seilbat-med-mye-historie-i-seilene\/\" data-x-effect-provider=\"colors particles effects\" data-x-effect=\"{&quot;durationBase&quot;:&quot;400ms&quot;}\"><figure class=\"x-div e2345-e4 m1t5-7 m1t5-8\"><span class=\"x-image e2345-e5 m1t5-a\"><img decoding=\"async\" src=\"https:\/\/straye.no\/wp-content\/uploads\/2023\/08\/NorwegianSteam2-980x654-1.jpg\" width=\"490\" height=\"327\" alt=\"Featured image for \u201cNorwegian Steam \u2013 Team Straye, en seilb\u00e5t med mye historie i seilene.\u201d\" loading=\"lazy\"><\/span><\/figure><article class=\"x-div e2345-e6 m1t5-8 m1t5-9\"><div class=\"x-text x-text-headline e2345-e7 m1t5-b m1t5-1 m1t5-3\"><div class=\"x-text-content\"><div class=\"x-text-content-text\"><h2 class=\"x-text-content-text-primary\">Norwegian Steam - Team Straye, en segelb\u00e5t med mycket historia i sina segel.<\/h2>\n<\/div><\/div><\/div><div class=\"x-text x-content e2345-e8 m1t5-c\">Straye Gruppen \u00e4r en stolt sponsor av Norwegian Steam i Fredrikstad. Utan mycket tr\u00e4ning tillsammans och en obekant b\u00e5t,...<\/div><\/article><\/a><a class=\"x-col e2345-e3 m1t5-6 m1t5-1 m1t5-2\" href=\"https:\/\/straye.no\/sv\/aktuelt\/oppvarming-til-siste-lopet-i-abu-dhabi\/\" data-x-effect-provider=\"colors particles effects\" data-x-effect=\"{&quot;durationBase&quot;:&quot;400ms&quot;}\"><figure class=\"x-div e2345-e4 m1t5-7 m1t5-8\"><span class=\"x-image e2345-e5 m1t5-a\"><img decoding=\"async\" src=\"https:\/\/straye.no\/wp-content\/uploads\/2023\/11\/DennisHauger_front.jpg\" width=\"1000\" height=\"407\" alt=\"Featured image for \u201cOppvarming til siste l\u00f8pet i Abu Dhabi\u201d\" loading=\"lazy\"><\/span><\/figure><article class=\"x-div e2345-e6 m1t5-8 m1t5-9\"><div class=\"x-text x-text-headline e2345-e7 m1t5-b m1t5-1 m1t5-3\"><div class=\"x-text-content\"><div class=\"x-text-content-text\"><h2 class=\"x-text-content-text-primary\">Uppv\u00e4rmning inf\u00f6r finalracet i Abu Dhabi<\/h2>\n<\/div><\/div><\/div><div class=\"x-text x-content e2345-e8 m1t5-c\">Straye \u00e4r stolta \u00f6ver att vara en del av Dennis Haugers team p\u00e5 jakt efter nya segrar i Formel 1...<\/div><\/article><\/a><a class=\"x-col e2345-e3 m1t5-6 m1t5-1 m1t5-2\" href=\"https:\/\/straye.no\/sv\/aktuelt\/india\/\" data-x-effect-provider=\"colors particles effects\" data-x-effect=\"{&quot;durationBase&quot;:&quot;400ms&quot;}\"><figure class=\"x-div e2345-e4 m1t5-7 m1t5-8\"><span class=\"x-image e2345-e5 m1t5-a\"><img decoding=\"async\" src=\"https:\/\/straye.no\/wp-content\/uploads\/2023\/09\/India_topp_v2.jpg\" width=\"900\" height=\"403\" alt=\"Featured image for \u201cStraye bidrar med skoleb\u00f8ker i India\u201d\" loading=\"lazy\"><\/span><\/figure><article class=\"x-div e2345-e6 m1t5-8 m1t5-9\"><div class=\"x-text x-text-headline e2345-e7 m1t5-b m1t5-1 m1t5-3\"><div class=\"x-text-content\"><div class=\"x-text-content-text\"><h2 class=\"x-text-content-text-primary\">Straye bidrar med skolb\u00f6cker i Indien<\/h2>\n<\/div><\/div><\/div><div class=\"x-text x-content e2345-e8 m1t5-c\">En bra utbildning \u00e4r det viktigaste i livet. Straye India Pvt. Ltd har nyligen k\u00f6pt in 150 b\u00f6cker till studenter...<\/div><\/article><\/a><\/div><\/div><\/div><\/div>","protected":false},"excerpt":{"rendered":"<p>Gott nytt \u00e5r fr\u00e5n Straye! 2025 har varit ett tufft \u00e5r f\u00f6r m\u00e5nga entrepren\u00f6rer i branschen. Straye har dock - genom Straye St\u00e5lbygg, Straye Hybridbygg,...Projektledare, t\u00e4ta byggentreprenader Straye Gruppen Position ledig Straye Gruppen AS grundades 2007. Sedan dess har f\u00f6retaget vuxit till 150 anst\u00e4llda och...Idyll Festival 2024 Straye Gruppen \u00e4r guldsponsor f\u00f6r IDYLL Festival \u2b50\ufe0fI ... <\/p>\n<div><a href=\"https:\/\/straye.no\/sv\/feed-sharepoint\/hybridbygg\/\" class=\"more-link\">L\u00e4s mer om<\/a><\/div>","protected":false},"author":1,"featured_media":0,"parent":2324,"menu_order":0,"comment_status":"closed","ping_status":"closed","template":"template-blank-6.php","meta":{"_acf_changed":false,"inline_featured_image":false,"footnotes":""},"tags":[],"firmaer":[],"class_list":["post-2345","page","type-page","status-publish","hentry","no-post-thumbnail"],"acf":[],"yoast_head":"<!-- This site is optimized with the Yoast SEO plugin v27.5 - https:\/\/yoast.com\/product\/yoast-seo-wordpress\/ -->\n<title>Hybridbygg - Straye<\/title>\n<meta name=\"robots\" content=\"noindex, follow\" \/>\n<meta property=\"og:locale\" content=\"sv_SE\" \/>\n<meta property=\"og:type\" content=\"article\" \/>\n<meta property=\"og:title\" content=\"Hybridbygg - Straye\" \/>\n<meta property=\"og:description\" content=\"Godt nytt \u00e5r fra Straye! 2025 har v\u00e6rt et t\u00f8ft \u00e5r for mange entrepren\u00f8rer i bransjen. Likevel har Straye \u2013 gjennom Straye St\u00e5lbygg, Straye Hybridbygg,\u2026Prosjektleder Tettbygg entrepriser Straye Gruppen Stilling ledig Straye Gruppen AS ble etablert i 2007. Siden den gang har selskapet utviklet seg til 150 ansatte, og\u2026Idyllfestivalen 2024 Straye Gruppen er med som Gullsponsor av IDYLL festivalen \u2b50\ufe0fI ... Read More\" \/>\n<meta property=\"og:url\" content=\"https:\/\/straye.no\/sv\/feed-sharepoint\/hybridbygg\/\" \/>\n<meta property=\"og:site_name\" content=\"Straye\" \/>\n<meta property=\"article:modified_time\" content=\"2025-09-03T08:36:16+00:00\" \/>\n<meta name=\"twitter:card\" content=\"summary_large_image\" \/>\n<meta name=\"twitter:label1\" content=\"Ber\u00e4knad l\u00e4stid\" \/>\n\t<meta name=\"twitter:data1\" content=\"1 minut\" \/>\n<script type=\"application\/ld+json\" class=\"yoast-schema-graph\">{\"@context\":\"https:\\\/\\\/schema.org\",\"@graph\":[{\"@type\":\"WebPage\",\"@id\":\"https:\\\/\\\/straye.no\\\/feed-sharepoint\\\/hybridbygg\\\/\",\"url\":\"https:\\\/\\\/straye.no\\\/feed-sharepoint\\\/hybridbygg\\\/\",\"name\":\"Hybridbygg - Straye\",\"isPartOf\":{\"@id\":\"https:\\\/\\\/straye.no\\\/#website\"},\"datePublished\":\"2025-02-19T09:46:44+00:00\",\"dateModified\":\"2025-09-03T08:36:16+00:00\",\"breadcrumb\":{\"@id\":\"https:\\\/\\\/straye.no\\\/feed-sharepoint\\\/hybridbygg\\\/#breadcrumb\"},\"inLanguage\":\"sv-SE\",\"potentialAction\":[{\"@type\":\"ReadAction\",\"target\":[\"https:\\\/\\\/straye.no\\\/feed-sharepoint\\\/hybridbygg\\\/\"]}]},{\"@type\":\"BreadcrumbList\",\"@id\":\"https:\\\/\\\/straye.no\\\/feed-sharepoint\\\/hybridbygg\\\/#breadcrumb\",\"itemListElement\":[{\"@type\":\"ListItem\",\"position\":1,\"name\":\"Hjem\",\"item\":\"https:\\\/\\\/straye.no\\\/\"},{\"@type\":\"ListItem\",\"position\":2,\"name\":\"Feed\",\"item\":\"https:\\\/\\\/straye.no\\\/feed-sharepoint\\\/\"},{\"@type\":\"ListItem\",\"position\":3,\"name\":\"Hybridbygg\"}]},{\"@type\":\"WebSite\",\"@id\":\"https:\\\/\\\/straye.no\\\/#website\",\"url\":\"https:\\\/\\\/straye.no\\\/\",\"name\":\"Straye Gruppen AS\",\"description\":\"Straye\",\"potentialAction\":[{\"@type\":\"SearchAction\",\"target\":{\"@type\":\"EntryPoint\",\"urlTemplate\":\"https:\\\/\\\/straye.no\\\/?s={search_term_string}\"},\"query-input\":{\"@type\":\"PropertyValueSpecification\",\"valueRequired\":true,\"valueName\":\"search_term_string\"}}],\"inLanguage\":\"sv-SE\"}]}<\/script>\n<!-- \/ Yoast SEO plugin. -->","yoast_head_json":{"title":"Hybridbyggnader - Straye","robots":{"index":"noindex","follow":"follow"},"og_locale":"sv_SE","og_type":"article","og_title":"Hybridbygg - Straye","og_description":"Godt nytt \u00e5r fra Straye! 2025 har v\u00e6rt et t\u00f8ft \u00e5r for mange entrepren\u00f8rer i bransjen. Likevel har Straye \u2013 gjennom Straye St\u00e5lbygg, Straye Hybridbygg,\u2026Prosjektleder Tettbygg entrepriser Straye Gruppen Stilling ledig Straye Gruppen AS ble etablert i 2007. Siden den gang har selskapet utviklet seg til 150 ansatte, og\u2026Idyllfestivalen 2024 Straye Gruppen er med som Gullsponsor av IDYLL festivalen \u2b50\ufe0fI ... Read More","og_url":"https:\/\/straye.no\/sv\/feed-sharepoint\/hybridbygg\/","og_site_name":"Straye","article_modified_time":"2025-09-03T08:36:16+00:00","twitter_card":"summary_large_image","twitter_misc":{"Ber\u00e4knad l\u00e4stid":"1 minut"},"schema":{"@context":"https:\/\/schema.org","@graph":[{"@type":"WebPage","@id":"https:\/\/straye.no\/feed-sharepoint\/hybridbygg\/","url":"https:\/\/straye.no\/feed-sharepoint\/hybridbygg\/","name":"Hybridbyggnader - Straye","isPartOf":{"@id":"https:\/\/straye.no\/#website"},"datePublished":"2025-02-19T09:46:44+00:00","dateModified":"2025-09-03T08:36:16+00:00","breadcrumb":{"@id":"https:\/\/straye.no\/feed-sharepoint\/hybridbygg\/#breadcrumb"},"inLanguage":"sv-SE","potentialAction":[{"@type":"ReadAction","target":["https:\/\/straye.no\/feed-sharepoint\/hybridbygg\/"]}]},{"@type":"BreadcrumbList","@id":"https:\/\/straye.no\/feed-sharepoint\/hybridbygg\/#breadcrumb","itemListElement":[{"@type":"ListItem","position":1,"name":"Hjem","item":"https:\/\/straye.no\/"},{"@type":"ListItem","position":2,"name":"Feed","item":"https:\/\/straye.no\/feed-sharepoint\/"},{"@type":"ListItem","position":3,"name":"Hybridbygg"}]},{"@type":"WebSite","@id":"https:\/\/straye.no\/#website","url":"https:\/\/straye.no\/","name":"Straye Group AS","description":"Straye","potentialAction":[{"@type":"SearchAction","target":{"@type":"EntryPoint","urlTemplate":"https:\/\/straye.no\/?s={search_term_string}"},"query-input":{"@type":"PropertyValueSpecification","valueRequired":true,"valueName":"search_term_string"}}],"inLanguage":"sv-SE"}]}},"_links":{"self":[{"href":"https:\/\/straye.no\/sv\/wp-json\/wp\/v2\/pages\/2345","targetHints":{"allow":["GET"]}}],"collection":[{"href":"https:\/\/straye.no\/sv\/wp-json\/wp\/v2\/pages"}],"about":[{"href":"https:\/\/straye.no\/sv\/wp-json\/wp\/v2\/types\/page"}],"author":[{"embeddable":true,"href":"https:\/\/straye.no\/sv\/wp-json\/wp\/v2\/users\/1"}],"replies":[{"embeddable":true,"href":"https:\/\/straye.no\/sv\/wp-json\/wp\/v2\/comments?post=2345"}],"version-history":[{"count":4,"href":"https:\/\/straye.no\/sv\/wp-json\/wp\/v2\/pages\/2345\/revisions"}],"predecessor-version":[{"id":2510,"href":"https:\/\/straye.no\/sv\/wp-json\/wp\/v2\/pages\/2345\/revisions\/2510"}],"up":[{"embeddable":true,"href":"https:\/\/straye.no\/sv\/wp-json\/wp\/v2\/pages\/2324"}],"wp:attachment":[{"href":"https:\/\/straye.no\/sv\/wp-json\/wp\/v2\/media?parent=2345"}],"wp:term":[{"taxonomy":"post_tag","embeddable":true,"href":"https:\/\/straye.no\/sv\/wp-json\/wp\/v2\/tags?post=2345"},{"taxonomy":"firmaer","embeddable":true,"href":"https:\/\/straye.no\/sv\/wp-json\/wp\/v2\/firmaer?post=2345"}],"curies":[{"name":"wp","href":"https:\/\/api.w.org\/{rel}","templated":true}]}}