{"id":2330,"date":"2025-02-19T09:38:26","date_gmt":"2025-02-19T09:38:26","guid":{"rendered":"https:\/\/straye.no\/?page_id=2330"},"modified":"2025-05-07T09:02:36","modified_gmt":"2025-05-07T09:02:36","slug":"gruppen","status":"publish","type":"page","link":"https:\/\/straye.no\/sv\/feed-sharepoint\/gruppen\/","title":{"rendered":"Grupper"},"content":{"rendered":"<div id=\"cs-content\" class=\"cs-content\"><div class=\"x-section e2330-e1 m1sq-0\"><div class=\"x-row e2330-e2 m1sq-4 m1sq-5\"><div class=\"x-row-inner\"><a class=\"x-col e2330-e3 m1sq-6 m1sq-1 m1sq-2\" href=\"https:\/\/straye.no\/sv\/aktuelt\/megaflis-varehus-i-trondheim\/\" data-x-effect-provider=\"colors particles effects\" data-x-effect=\"{&quot;durationBase&quot;:&quot;400ms&quot;}\"><figure class=\"x-div e2330-e4 m1sq-7 m1sq-8\"><span class=\"x-image e2330-e5 m1sq-a\"><img decoding=\"async\" src=\"https:\/\/straye.no\/wp-content\/uploads\/2026\/03\/Megaflis-120226-1536x864-1.webp\" width=\"768\" height=\"432\" alt=\"Featured image for \u201cMegaflis-varehus i Trondheim\u201d\" loading=\"lazy\"><\/span><\/figure><article class=\"x-div e2330-e6 m1sq-8 m1sq-9\"><div class=\"x-text x-text-headline e2330-e7 m1sq-b m1sq-1 m1sq-3\"><div class=\"x-text-content\"><div class=\"x-text-content-text\"><h2 class=\"x-text-content-text-primary\">Megaflis-varuhus i Trondheim<\/h2>\n<\/div><\/div><\/div><div class=\"x-text x-content e2330-e8 m1sq-c\">Vi \u00e4r stolta \u00f6ver att ha tecknat kontrakt som underentrepren\u00f6r f\u00f6r Megaflis nya varuhus p\u00e5 Sandmoen i Trondheim. Byggherre: RELOG \u2026<\/div><\/article><\/a><a class=\"x-col e2330-e3 m1sq-6 m1sq-1 m1sq-2\" href=\"https:\/\/straye.no\/sv\/aktuelt\/straye-sponser-adrian-monkvik\/\" data-x-effect-provider=\"colors particles effects\" data-x-effect=\"{&quot;durationBase&quot;:&quot;400ms&quot;}\"><figure class=\"x-div e2330-e4 m1sq-7 m1sq-8\"><span class=\"x-image e2330-e5 m1sq-a\"><img decoding=\"async\" src=\"https:\/\/straye.no\/wp-content\/uploads\/2026\/02\/Adrian_og_Stefan_web_topp-scaled.jpg\" width=\"1280\" height=\"261\" alt=\"Featured image for \u201cStraye \u2013 stolt hovedsponsor for Adrian Monkvik\u201d\" loading=\"lazy\"><\/span><\/figure><article class=\"x-div e2330-e6 m1sq-8 m1sq-9\"><div class=\"x-text x-text-headline e2330-e7 m1sq-b m1sq-1 m1sq-3\"><div class=\"x-text-content\"><div class=\"x-text-content-text\"><h2 class=\"x-text-content-text-primary\">Straye - stolt huvudsponsor av Adrian Monkvik<\/h2>\n<\/div><\/div><\/div><div class=\"x-text x-content e2330-e8 m1sq-c\">Straye \u00e4r stolta \u00f6ver att ha blivit huvudsponsor f\u00f6r Adrian Monkvik - en lovande 17-\u00e5ring fr\u00e5n Fredrikstad. Adrian siktar p\u00e5 att...<\/div><\/article><\/a><a class=\"x-col e2330-e3 m1sq-6 m1sq-1 m1sq-2\" href=\"https:\/\/straye.no\/sv\/aktuelt\/montorer-montasjelag-vegg-tak\/\" data-x-effect-provider=\"colors particles effects\" data-x-effect=\"{&quot;durationBase&quot;:&quot;400ms&quot;}\"><figure class=\"x-div e2330-e4 m1sq-7 m1sq-8\"><span class=\"x-image e2330-e5 m1sq-a\"><img decoding=\"async\" src=\"https:\/\/straye.no\/wp-content\/uploads\/2025\/10\/ledigstilling_stalmontor_logo-copy.png\" width=\"1000\" height=\"250\" alt=\"Featured image for \u201cVi s\u00f8ker mont\u00f8rer\/montasjelag (vegg og tak)\u201d\" loading=\"lazy\"><\/span><\/figure><article class=\"x-div e2330-e6 m1sq-8 m1sq-9\"><div class=\"x-text x-text-headline e2330-e7 m1sq-b m1sq-1 m1sq-3\"><div class=\"x-text-content\"><div class=\"x-text-content-text\"><h2 class=\"x-text-content-text-primary\">Vi s\u00f6ker mont\u00f6rer\/monteringsteam (v\u00e4gg och tak)<\/h2>\n<\/div><\/div><\/div><div class=\"x-text x-content e2330-e8 m1sq-c\">Lediga tj\u00e4nster Arbetsgivare: Straye St\u00e5lbygg AS Arbetstitel: Mont\u00f6r\/monteringsteam - Sandwich (v\u00e4gg) och TRP (tak) Anst\u00e4llningsform: Tillsvidareanst\u00e4llning \/ Projektbaserad...<\/div><\/article><\/a><a class=\"x-col e2330-e3 m1sq-6 m1sq-1 m1sq-2\" href=\"https:\/\/straye.no\/sv\/aktuelt\/nyttarshilsen2026\/\" data-x-effect-provider=\"colors particles effects\" data-x-effect=\"{&quot;durationBase&quot;:&quot;400ms&quot;}\"><figure class=\"x-div e2330-e4 m1sq-7 m1sq-8\"><span class=\"x-image e2330-e5 m1sq-a\"><img decoding=\"async\" src=\"https:\/\/straye.no\/wp-content\/uploads\/2025\/12\/StrayeFyrverkeri-scaled.jpg\" width=\"1280\" height=\"300\" alt=\"Featured image for \u201cGodt nytt \u00e5r fra Straye!\u201d\" loading=\"lazy\"><\/span><\/figure><article class=\"x-div e2330-e6 m1sq-8 m1sq-9\"><div class=\"x-text x-text-headline e2330-e7 m1sq-b m1sq-1 m1sq-3\"><div class=\"x-text-content\"><div class=\"x-text-content-text\"><h2 class=\"x-text-content-text-primary\">Gott nytt \u00e5r fr\u00e5n Straye!<\/h2>\n<\/div><\/div><\/div><div class=\"x-text x-content e2330-e8 m1sq-c\">2025 har varit ett tufft \u00e5r f\u00f6r m\u00e5nga entrepren\u00f6rer i branschen. Men Straye - genom Straye St\u00e5lbygg, Straye Hybridbygg,...<\/div><\/article><\/a><a class=\"x-col e2330-e3 m1sq-6 m1sq-1 m1sq-2\" href=\"https:\/\/straye.no\/sv\/aktuelt\/miljofyrtarn\/\" data-x-effect-provider=\"colors particles effects\" data-x-effect=\"{&quot;durationBase&quot;:&quot;400ms&quot;}\"><figure class=\"x-div e2330-e4 m1sq-7 m1sq-8\"><span class=\"x-image e2330-e5 m1sq-a\"><img decoding=\"async\" src=\"https:\/\/straye.no\/wp-content\/uploads\/2025\/11\/Miljofyrtarn_StrayeGruppen2.jpg\" width=\"900\" height=\"232\" alt=\"Featured image for \u201cStraye Gruppen er Milj\u00f8fyrt\u00e5rn-sertifisert\u201d\" loading=\"lazy\"><\/span><\/figure><article class=\"x-div e2330-e6 m1sq-8 m1sq-9\"><div class=\"x-text x-text-headline e2330-e7 m1sq-b m1sq-1 m1sq-3\"><div class=\"x-text-content\"><div class=\"x-text-content-text\"><h2 class=\"x-text-content-text-primary\">Straye Group \u00e4r certifierad som Eco-Lighthouse<\/h2>\n<\/div><\/div><\/div><div class=\"x-text x-content e2330-e8 m1sq-c\">Straye Group \u00e4r stolta \u00f6ver att vara Eco-Lighthouse-certifierade - en tydlig demonstration av v\u00e5rt engagemang f\u00f6r ansvarsfulla val, h\u00e5llbarhet och...<\/div><\/article><\/a><a class=\"x-col e2330-e3 m1sq-6 m1sq-1 m1sq-2\" href=\"https:\/\/straye.no\/sv\/aktuelt\/stalmontor-prefabmontor\/\" data-x-effect-provider=\"colors particles effects\" data-x-effect=\"{&quot;durationBase&quot;:&quot;400ms&quot;}\"><figure class=\"x-div e2330-e4 m1sq-7 m1sq-8\"><span class=\"x-image e2330-e5 m1sq-a\"><img decoding=\"async\" src=\"https:\/\/straye.no\/wp-content\/uploads\/2025\/10\/ledigstilling_stalmontor_logo-copy.png\" width=\"1000\" height=\"250\" alt=\"Featured image for \u201cSt\u00e5lmont\u00f6r \/ Prefabmont\u00f6r\u201d\" loading=\"lazy\"><\/span><\/figure><article class=\"x-div e2330-e6 m1sq-8 m1sq-9\"><div class=\"x-text x-text-headline e2330-e7 m1sq-b m1sq-1 m1sq-3\"><div class=\"x-text-content\"><div class=\"x-text-content-text\"><h2 class=\"x-text-content-text-primary\">St\u00e5lmont\u00f6r \/ Prefabricerare<\/h2>\n<\/div><\/div><\/div><div class=\"x-text x-content e2330-e8 m1sq-c\">Ledigt jobb Arbetsgivare: Straye St\u00e5lbygg AS Arbetstitel: St\u00e5lmont\u00f6r \/ Prefabmont\u00f6r Anst\u00e4llningsform: Tillsvidareanst\u00e4llning Sista ans\u00f6kningsdag: Omg\u00e5ende (ans\u00f6kningar behandlas l\u00f6pande) Arbetsplats: Resor.<\/div><\/article><\/a><a class=\"x-col e2330-e3 m1sq-6 m1sq-1 m1sq-2\" href=\"https:\/\/straye.no\/sv\/aktuelt\/montor-malare-isolerare-brandskyddsmalning-brandisolering\/\" data-x-effect-provider=\"colors particles effects\" data-x-effect=\"{&quot;durationBase&quot;:&quot;400ms&quot;}\"><figure class=\"x-div e2330-e4 m1sq-7 m1sq-8\"><span class=\"x-image e2330-e5 m1sq-a\"><img decoding=\"async\" src=\"https:\/\/straye.no\/wp-content\/uploads\/2025\/10\/ledigstilling_montor_logo-copy.png\" width=\"1280\" height=\"322\" alt=\"Featured image for \u201cMont\u00f6r\/M\u00e5lare\/Isolerare \u2013 Brandskyddsm\u00e5lning \/ Brandisolering\u201d\" loading=\"lazy\"><\/span><\/figure><article class=\"x-div e2330-e6 m1sq-8 m1sq-9\"><div class=\"x-text x-text-headline e2330-e7 m1sq-b m1sq-1 m1sq-3\"><div class=\"x-text-content\"><div class=\"x-text-content-text\"><h2 class=\"x-text-content-text-primary\">Mont\u00f6r\/M\u00e5lare\/Insolator - Brandskyddsm\u00e5lning \/ Brandisolering<\/h2>\n<\/div><\/div><\/div><div class=\"x-text x-content e2330-e8 m1sq-c\">Ledigt jobb \u00c4r du en praktisk person som gillar att se resultatet av ditt arbete - och som vill bidra till s\u00e4krare byggnader?<\/div><\/article><\/a><a class=\"x-col e2330-e3 m1sq-6 m1sq-1 m1sq-2\" href=\"https:\/\/straye.no\/sv\/aktuelt\/stalmontor-prefabmontor-stalbygg-og-prefabmontasje\/\" data-x-effect-provider=\"colors particles effects\" data-x-effect=\"{&quot;durationBase&quot;:&quot;400ms&quot;}\"><figure class=\"x-div e2330-e4 m1sq-7 m1sq-8\"><span class=\"x-image e2330-e5 m1sq-a\"><img decoding=\"async\" src=\"https:\/\/straye.no\/wp-content\/uploads\/2025\/10\/ledigstilling_stalmontor_logo-copy.png\" width=\"1000\" height=\"250\" alt=\"Featured image for \u201cSt\u00e5lmont\u00f8r \/ Prefabmont\u00f8r \u2013 St\u00e5lbygg og prefabmontasje\u201d\" loading=\"lazy\"><\/span><\/figure><article class=\"x-div e2330-e6 m1sq-8 m1sq-9\"><div class=\"x-text x-text-headline e2330-e7 m1sq-b m1sq-1 m1sq-3\"><div class=\"x-text-content\"><div class=\"x-text-content-text\"><h2 class=\"x-text-content-text-primary\">St\u00e5lmont\u00f6r \/ Prefabricerare - St\u00e5lbyggnader och prefabricering<\/h2>\n<\/div><\/div><\/div><div class=\"x-text x-content e2330-e8 m1sq-c\">Ledigt jobb Arbetsgivare: Straye St\u00e5lbygg AS Arbetstitel: St\u00e5lmont\u00f6r \/ Prefabmont\u00f6r Anst\u00e4llningsform: Tillsvidareanst\u00e4llning Sista ans\u00f6kningsdag: Snarast m\u00f6jligt (ans\u00f6kningar behandlas l\u00f6pande) Arbetsort: Reser med...<\/div><\/article><\/a><a class=\"x-col e2330-e3 m1sq-6 m1sq-1 m1sq-2\" href=\"https:\/\/straye.no\/sv\/aktuelt\/montor-maler-isolator-brannmaling-brannisolering\/\" data-x-effect-provider=\"colors particles effects\" data-x-effect=\"{&quot;durationBase&quot;:&quot;400ms&quot;}\"><figure class=\"x-div e2330-e4 m1sq-7 m1sq-8\"><span class=\"x-image e2330-e5 m1sq-a\"><img decoding=\"async\" src=\"https:\/\/straye.no\/wp-content\/uploads\/2025\/10\/ledigstilling_montor_logo-copy.png\" width=\"1280\" height=\"322\" alt=\"Featured image for \u201cMont\u00f8r\/Maler\/Isolat\u00f8r \u2013 Brannmaling\/Brannisolering\u201d\" loading=\"lazy\"><\/span><\/figure><article class=\"x-div e2330-e6 m1sq-8 m1sq-9\"><div class=\"x-text x-text-headline e2330-e7 m1sq-b m1sq-1 m1sq-3\"><div class=\"x-text-content\"><div class=\"x-text-content-text\"><h2 class=\"x-text-content-text-primary\">Mont\u00f6r\/M\u00e5lare\/Insolator - Brandf\u00e4rg\/brandisolering<\/h2>\n<\/div><\/div><\/div><div class=\"x-text x-content e2330-e8 m1sq-c\">Ledigt jobb \u00c4r du en praktisk person som gillar att se resultatet av ditt arbete - och vill bidra till s\u00e4krare byggande?<\/div><\/article><\/a><a class=\"x-col e2330-e3 m1sq-6 m1sq-1 m1sq-2\" href=\"https:\/\/straye.no\/sv\/aktuelt\/straye-stalbygg-er-gasellebedrift-for-10-gang\/\" data-x-effect-provider=\"colors particles effects\" data-x-effect=\"{&quot;durationBase&quot;:&quot;400ms&quot;}\"><figure class=\"x-div e2330-e4 m1sq-7 m1sq-8\"><span class=\"x-image e2330-e5 m1sq-a\"><img decoding=\"async\" src=\"https:\/\/straye.no\/wp-content\/uploads\/2025\/07\/Gaselle_toppbilde-scaled.jpg\" width=\"1280\" height=\"445\" alt=\"Featured image for \u201cStraye St\u00e5lbygg er Gasellebedrift  \u2013 for 10. gang!\u201d\" loading=\"lazy\"><\/span><\/figure><article class=\"x-div e2330-e6 m1sq-8 m1sq-9\"><div class=\"x-text x-text-headline e2330-e7 m1sq-b m1sq-1 m1sq-3\"><div class=\"x-text-content\"><div class=\"x-text-content-text\"><h2 class=\"x-text-content-text-primary\">Straye St\u00e5lbygg \u00e4r Gasellf\u00f6retag - f\u00f6r 10:e g\u00e5ngen!<\/h2>\n<\/div><\/div><\/div><div class=\"x-text x-content e2330-e8 m1sq-c\">Vi \u00e4r stolta \u00f6ver att kunna meddela att Straye St\u00e5lbygg har utsetts till Gasellf\u00f6retag f\u00f6r 2024 - v\u00e5r 10:e Gasellutm\u00e4rkelse totalt! Gasellutm\u00e4rkelse totalt! Gasellpriset delas ut till...<\/div><\/article><\/a><a class=\"x-col e2330-e3 m1sq-6 m1sq-1 m1sq-2\" href=\"https:\/\/straye.no\/sv\/aktuelt\/pl_tettbyggentrepriser\/\" data-x-effect-provider=\"colors particles effects\" data-x-effect=\"{&quot;durationBase&quot;:&quot;400ms&quot;}\"><figure class=\"x-div e2330-e4 m1sq-7 m1sq-8\"><span class=\"x-image e2330-e5 m1sq-a\"><img decoding=\"async\" src=\"https:\/\/straye.no\/wp-content\/uploads\/2025\/03\/Straye_prosjektleder-scaled.jpg\" width=\"1280\" height=\"322\" alt=\"Featured image for \u201cProsjektleder Tettbygg entrepriser Straye Gruppen\u201d\" loading=\"lazy\"><\/span><\/figure><article class=\"x-div e2330-e6 m1sq-8 m1sq-9\"><div class=\"x-text x-text-headline e2330-e7 m1sq-b m1sq-1 m1sq-3\"><div class=\"x-text-content\"><div class=\"x-text-content-text\"><h2 class=\"x-text-content-text-primary\">Projektledare, t\u00e4ta byggentreprenader, Straye Gruppen<\/h2>\n<\/div><\/div><\/div><div class=\"x-text x-content e2330-e8 m1sq-c\">Ledigt jobb Straye Gruppen AS grundades 2007. Sedan dess har f\u00f6retaget vuxit till 150 anst\u00e4llda, och...<\/div><\/article><\/a><a class=\"x-col e2330-e3 m1sq-6 m1sq-1 m1sq-2\" href=\"https:\/\/straye.no\/sv\/aktuelt\/it_sjef_strayegruppen\/\" data-x-effect-provider=\"colors particles effects\" data-x-effect=\"{&quot;durationBase&quot;:&quot;400ms&quot;}\"><figure class=\"x-div e2330-e4 m1sq-7 m1sq-8\"><span class=\"x-image e2330-e5 m1sq-a\"><img decoding=\"async\" src=\"https:\/\/straye.no\/wp-content\/uploads\/2025\/01\/Straye_robot_ai_hand-scaled.jpg\" width=\"1280\" height=\"265\" alt=\"Featured image for \u201cAI, IT og Utviklingsansvarlig\u201d\" loading=\"lazy\"><\/span><\/figure><article class=\"x-div e2330-e6 m1sq-8 m1sq-9\"><div class=\"x-text x-text-headline e2330-e7 m1sq-b m1sq-1 m1sq-3\"><div class=\"x-text-content\"><div class=\"x-text-content-text\"><h2 class=\"x-text-content-text-primary\">AI-, IT- och utvecklingschef<\/h2>\n<\/div><\/div><\/div><div class=\"x-text x-content e2330-e8 m1sq-c\">Ledigt jobb AI-, IT- och utvecklingschef - Straye Gruppen Arbetsgivare: Straye Gruppen Befattning: AI-, IT- och utvecklingschef Anst\u00e4llningsform: Tillsvidareanst\u00e4llning Arbetsort: \u00d8stfold (Fredrikstad\/Sarpsborg\/Moss) eller hybrid...<\/div><\/article><\/a><a class=\"x-col e2330-e3 m1sq-6 m1sq-1 m1sq-2\" href=\"https:\/\/straye.no\/sv\/aktuelt\/god-jul\/\" data-x-effect-provider=\"colors particles effects\" data-x-effect=\"{&quot;durationBase&quot;:&quot;400ms&quot;}\"><figure class=\"x-div e2330-e4 m1sq-7 m1sq-8\"><span class=\"x-image e2330-e5 m1sq-a\"><img decoding=\"async\" src=\"https:\/\/straye.no\/wp-content\/uploads\/2024\/12\/Jul_web-straye2-scaled.jpg\" width=\"1280\" height=\"395\" alt=\"Featured image for \u201cGod jul og et godt nytt \u00e5r!\u201d\" loading=\"lazy\"><\/span><\/figure><article class=\"x-div e2330-e6 m1sq-8 m1sq-9\"><div class=\"x-text x-text-headline e2330-e7 m1sq-b m1sq-1 m1sq-3\"><div class=\"x-text-content\"><div class=\"x-text-content-text\"><h2 class=\"x-text-content-text-primary\">God jul och gott nytt \u00e5r!<\/h2>\n<\/div><\/div><\/div><div class=\"x-text x-content e2330-e8 m1sq-c\">Julfriden \u00e4r p\u00e5 v\u00e4g att s\u00e4nka sig \u00f6ver de tusentals logistikbyggnaderna i Norge. Vi stryker v\u00e5ra julkostymer och...<\/div><\/article><\/a><a class=\"x-col e2330-e3 m1sq-6 m1sq-1 m1sq-2\" href=\"https:\/\/straye.no\/sv\/aktuelt\/ringvirkninger\/\" data-x-effect-provider=\"colors particles effects\" data-x-effect=\"{&quot;durationBase&quot;:&quot;400ms&quot;}\"><figure class=\"x-div e2330-e4 m1sq-7 m1sq-8\"><span class=\"x-image e2330-e5 m1sq-a\"><img decoding=\"async\" src=\"https:\/\/straye.no\/wp-content\/uploads\/2024\/11\/StrayeIndia_RV_1.jpg\" width=\"640\" height=\"419\" alt=\"Featured image for \u201cVi tror p\u00e5 lokale ringvirkninger, der vi er til stede!\u201d\" loading=\"lazy\"><\/span><\/figure><article class=\"x-div e2330-e6 m1sq-8 m1sq-9\"><div class=\"x-text x-text-headline e2330-e7 m1sq-b m1sq-1 m1sq-3\"><div class=\"x-text-content\"><div class=\"x-text-content-text\"><h2 class=\"x-text-content-text-primary\">Vi tror p\u00e5 lokala ringar p\u00e5 vattnet var vi \u00e4n befinner oss!<\/h2>\n<\/div><\/div><\/div><div class=\"x-text x-content e2330-e8 m1sq-c\">Straye India Pvt. Ltd. grundades 2022 och har haft en stor tillv\u00e4xt p\u00e5 mycket kort tid. De anst\u00e4llda...<\/div><\/article><\/a><a class=\"x-col e2330-e3 m1sq-6 m1sq-1 m1sq-2\" href=\"https:\/\/straye.no\/sv\/aktuelt\/idyllfestivalen_2024\/\" data-x-effect-provider=\"colors particles effects\" data-x-effect=\"{&quot;durationBase&quot;:&quot;400ms&quot;}\"><figure class=\"x-div e2330-e4 m1sq-7 m1sq-8\"><span class=\"x-image e2330-e5 m1sq-a\"><img decoding=\"async\" src=\"https:\/\/straye.no\/wp-content\/uploads\/2024\/04\/Straye_Idyll_aktuelt_v2.jpg\" width=\"1280\" height=\"320\" alt=\"Featured image for \u201cIdyllfestivalen 2024\u201d\" loading=\"lazy\"><\/span><\/figure><article class=\"x-div e2330-e6 m1sq-8 m1sq-9\"><div class=\"x-text x-text-headline e2330-e7 m1sq-b m1sq-1 m1sq-3\"><div class=\"x-text-content\"><div class=\"x-text-content-text\"><h2 class=\"x-text-content-text-primary\">Idyll Festival 2024<\/h2>\n<\/div><\/div><\/div><div class=\"x-text x-content e2330-e8 m1sq-c\">Straye Gruppen \u00e4r guldsponsor till IDYLL-festivalen \u2b50\ufe0fI I samband med detta drog vi en vinnare p\u00e5...<\/div><\/article><\/a><a class=\"x-col e2330-e3 m1sq-6 m1sq-1 m1sq-2\" href=\"https:\/\/straye.no\/sv\/aktuelt\/god_jul\/\" data-x-effect-provider=\"colors particles effects\" data-x-effect=\"{&quot;durationBase&quot;:&quot;400ms&quot;}\"><figure class=\"x-div e2330-e4 m1sq-7 m1sq-8\"><span class=\"x-image e2330-e5 m1sq-a\"><img decoding=\"async\" src=\"https:\/\/straye.no\/wp-content\/uploads\/2023\/12\/Julemotiv_Straye_nettside_web-scaled.jpg\" width=\"1280\" height=\"320\" alt=\"Featured image for \u201cStraye Gruppen \u00f8nsker \u2013 God Jul!\u201d\" loading=\"lazy\"><\/span><\/figure><article class=\"x-div e2330-e6 m1sq-8 m1sq-9\"><div class=\"x-text x-text-headline e2330-e7 m1sq-b m1sq-1 m1sq-3\"><div class=\"x-text-content\"><div class=\"x-text-content-text\"><h2 class=\"x-text-content-text-primary\">Straye Group \u00f6nskar - God Jul!<\/h2>\n<\/div><\/div><\/div><div class=\"x-text x-content e2330-e8 m1sq-c\">Ett engagerande och v\u00e4lm\u00e5ende 2023 \u00e4r snart \u00f6ver och vi g\u00e5r snart in i 2024 med m\u00e5nga nya sp\u00e4nnande projekt...<\/div><\/article><\/a><a class=\"x-col e2330-e3 m1sq-6 m1sq-1 m1sq-2\" href=\"https:\/\/straye.no\/sv\/aktuelt\/dennishauger_oppvarming\/\" data-x-effect-provider=\"colors particles effects\" data-x-effect=\"{&quot;durationBase&quot;:&quot;400ms&quot;}\"><figure class=\"x-div e2330-e4 m1sq-7 m1sq-8\"><span class=\"x-image e2330-e5 m1sq-a\"><img decoding=\"async\" src=\"https:\/\/straye.no\/wp-content\/uploads\/2023\/11\/DennisHauger_front.jpg\" width=\"1000\" height=\"407\" alt=\"Featured image for \u201cOppvarming til siste l\u00f8pet i Abu Dhabi\u201d\" loading=\"lazy\"><\/span><\/figure><article class=\"x-div e2330-e6 m1sq-8 m1sq-9\"><div class=\"x-text x-text-headline e2330-e7 m1sq-b m1sq-1 m1sq-3\"><div class=\"x-text-content\"><div class=\"x-text-content-text\"><h2 class=\"x-text-content-text-primary\">Uppv\u00e4rmning inf\u00f6r finalracet i Abu Dhabi<\/h2>\n<\/div><\/div><\/div><div class=\"x-text x-content e2330-e8 m1sq-c\">Straye \u00e4r stolta \u00f6ver att vara en del av Dennis Haugers team p\u00e5 jakt efter nya segrar i Formel 1...<\/div><\/article><\/a><a class=\"x-col e2330-e3 m1sq-6 m1sq-1 m1sq-2\" href=\"https:\/\/straye.no\/sv\/aktuelt\/india\/\" data-x-effect-provider=\"colors particles effects\" data-x-effect=\"{&quot;durationBase&quot;:&quot;400ms&quot;}\"><figure class=\"x-div e2330-e4 m1sq-7 m1sq-8\"><span class=\"x-image e2330-e5 m1sq-a\"><img decoding=\"async\" src=\"https:\/\/straye.no\/wp-content\/uploads\/2023\/09\/India_topp_v2.jpg\" width=\"900\" height=\"403\" alt=\"Featured image for \u201cStraye bidrar med skoleb\u00f8ker i India\u201d\" loading=\"lazy\"><\/span><\/figure><article class=\"x-div e2330-e6 m1sq-8 m1sq-9\"><div class=\"x-text x-text-headline e2330-e7 m1sq-b m1sq-1 m1sq-3\"><div class=\"x-text-content\"><div class=\"x-text-content-text\"><h2 class=\"x-text-content-text-primary\">Straye bidrar med skolb\u00f6cker i Indien<\/h2>\n<\/div><\/div><\/div><div class=\"x-text x-content e2330-e8 m1sq-c\">En bra utbildning \u00e4r det viktigaste i livet. Straye India Pvt. Ltd har nyligen k\u00f6pt in 150 b\u00f6cker till studenter...<\/div><\/article><\/a><a class=\"x-col e2330-e3 m1sq-6 m1sq-1 m1sq-2\" href=\"https:\/\/straye.no\/sv\/aktuelt\/norwegian_steam\/\" data-x-effect-provider=\"colors particles effects\" data-x-effect=\"{&quot;durationBase&quot;:&quot;400ms&quot;}\"><figure class=\"x-div e2330-e4 m1sq-7 m1sq-8\"><span class=\"x-image e2330-e5 m1sq-a\"><img decoding=\"async\" src=\"https:\/\/straye.no\/wp-content\/uploads\/2023\/08\/NorwegianSteam2-980x654-1.jpg\" width=\"490\" height=\"327\" alt=\"Featured image for \u201cNorwegian Steam \u2013 Team Straye, en seilb\u00e5t med mye historie i seilene.\u201d\" loading=\"lazy\"><\/span><\/figure><article class=\"x-div e2330-e6 m1sq-8 m1sq-9\"><div class=\"x-text x-text-headline e2330-e7 m1sq-b m1sq-1 m1sq-3\"><div class=\"x-text-content\"><div class=\"x-text-content-text\"><h2 class=\"x-text-content-text-primary\">Norwegian Steam - Team Straye, en segelb\u00e5t med mycket historia i sina segel.<\/h2>\n<\/div><\/div><\/div><div class=\"x-text x-content e2330-e8 m1sq-c\">Straye Gruppen \u00e4r en stolt sponsor av Norwegian Steam i Fredrikstad. Utan mycket tr\u00e4ning tillsammans och en obekant b\u00e5t,...<\/div><\/article><\/a><\/div><\/div><\/div><\/div>","protected":false},"excerpt":{"rendered":"<p>Megaflis-varuhus i Trondheim Vi \u00e4r stolta \u00f6ver att ha tecknat kontrakt som underentrepren\u00f6r f\u00f6r Megaflis nya varuhus p\u00e5 Sandmoen i Trondheim.Byggherre: RELOG\u00a0\u2026Straye \u2013 stolt huvudsponsor f\u00f6r Adrian Monkvik Straye \u00e4r stolta \u00f6ver att ha blivit huvudsponsor f\u00f6r Adrian Monkvik \u2013 en fram\u00e5tstr\u00e4vande 17-\u00e5ring fr\u00e5n Fredrikstad. Adrian satsar m\u00e5linriktat\u2026Vi s\u00f6ker mont\u00f6rer\/montageteam (v\u00e4gg och tak) Tj\u00e4nster lediga Arbetsgivare: Straye St\u00e5lbygg AS \u2026 <\/p>\n<div><a href=\"https:\/\/straye.no\/sv\/feed-sharepoint\/gruppen\/\" class=\"more-link\">L\u00e4s mer om<\/a><\/div>","protected":false},"author":1,"featured_media":0,"parent":2324,"menu_order":0,"comment_status":"closed","ping_status":"closed","template":"template-blank-6.php","meta":{"_acf_changed":false,"inline_featured_image":false,"footnotes":""},"tags":[],"firmaer":[],"class_list":["post-2330","page","type-page","status-publish","hentry","no-post-thumbnail"],"acf":[],"yoast_head":"<!-- This site is optimized with the Yoast SEO plugin v27.5 - https:\/\/yoast.com\/product\/yoast-seo-wordpress\/ -->\n<title>Gruppen - Straye<\/title>\n<meta name=\"robots\" content=\"noindex, follow\" \/>\n<meta property=\"og:locale\" content=\"sv_SE\" \/>\n<meta property=\"og:type\" content=\"article\" \/>\n<meta property=\"og:title\" content=\"Gruppen - Straye\" \/>\n<meta property=\"og:description\" content=\"Megaflis-varehus i Trondheim Vi er stolte av \u00e5 ha signert kontrakt som underentrepren\u00f8r p\u00e5 Megaflis sitt nye varehus p\u00e5 Sandmoen i Trondheim.Byggherre: RELOG\u00a0\u2026Straye \u2013 stolt hovedsponsor for Adrian Monkvik Straye er stolte over \u00e5 ha blitt hovedsponsor for Adrian Monkvik \u2013 en fremadstormende 17-\u00e5ring fra Fredrikstad. Adrian satser m\u00e5lrettet\u2026Vi s\u00f8ker mont\u00f8rer\/montasjelag (vegg og tak) Stillinger ledig Arbeidsgiver: Straye St\u00e5lbygg AS ... Read More\" \/>\n<meta property=\"og:url\" content=\"https:\/\/straye.no\/sv\/feed-sharepoint\/gruppen\/\" \/>\n<meta property=\"og:site_name\" content=\"Straye\" \/>\n<meta property=\"article:modified_time\" content=\"2025-05-07T09:02:36+00:00\" \/>\n<meta name=\"twitter:card\" content=\"summary_large_image\" \/>\n<meta name=\"twitter:label1\" content=\"Ber\u00e4knad l\u00e4stid\" \/>\n\t<meta name=\"twitter:data1\" content=\"7 minuter\" \/>\n<script type=\"application\/ld+json\" class=\"yoast-schema-graph\">{\"@context\":\"https:\\\/\\\/schema.org\",\"@graph\":[{\"@type\":\"WebPage\",\"@id\":\"https:\\\/\\\/straye.no\\\/feed-sharepoint\\\/gruppen\\\/\",\"url\":\"https:\\\/\\\/straye.no\\\/feed-sharepoint\\\/gruppen\\\/\",\"name\":\"Gruppen - Straye\",\"isPartOf\":{\"@id\":\"https:\\\/\\\/straye.no\\\/#website\"},\"datePublished\":\"2025-02-19T09:38:26+00:00\",\"dateModified\":\"2025-05-07T09:02:36+00:00\",\"breadcrumb\":{\"@id\":\"https:\\\/\\\/straye.no\\\/feed-sharepoint\\\/gruppen\\\/#breadcrumb\"},\"inLanguage\":\"sv-SE\",\"potentialAction\":[{\"@type\":\"ReadAction\",\"target\":[\"https:\\\/\\\/straye.no\\\/feed-sharepoint\\\/gruppen\\\/\"]}]},{\"@type\":\"BreadcrumbList\",\"@id\":\"https:\\\/\\\/straye.no\\\/feed-sharepoint\\\/gruppen\\\/#breadcrumb\",\"itemListElement\":[{\"@type\":\"ListItem\",\"position\":1,\"name\":\"Hjem\",\"item\":\"https:\\\/\\\/straye.no\\\/\"},{\"@type\":\"ListItem\",\"position\":2,\"name\":\"Feed\",\"item\":\"https:\\\/\\\/straye.no\\\/feed-sharepoint\\\/\"},{\"@type\":\"ListItem\",\"position\":3,\"name\":\"Gruppen\"}]},{\"@type\":\"WebSite\",\"@id\":\"https:\\\/\\\/straye.no\\\/#website\",\"url\":\"https:\\\/\\\/straye.no\\\/\",\"name\":\"Straye Gruppen AS\",\"description\":\"Straye\",\"potentialAction\":[{\"@type\":\"SearchAction\",\"target\":{\"@type\":\"EntryPoint\",\"urlTemplate\":\"https:\\\/\\\/straye.no\\\/?s={search_term_string}\"},\"query-input\":{\"@type\":\"PropertyValueSpecification\",\"valueRequired\":true,\"valueName\":\"search_term_string\"}}],\"inLanguage\":\"sv-SE\"}]}<\/script>\n<!-- \/ Yoast SEO plugin. -->","yoast_head_json":{"title":"Gruppen - Straye","robots":{"index":"noindex","follow":"follow"},"og_locale":"sv_SE","og_type":"article","og_title":"Gruppen - Straye","og_description":"Megaflis-varehus i Trondheim Vi er stolte av \u00e5 ha signert kontrakt som underentrepren\u00f8r p\u00e5 Megaflis sitt nye varehus p\u00e5 Sandmoen i Trondheim.Byggherre: RELOG\u00a0\u2026Straye \u2013 stolt hovedsponsor for Adrian Monkvik Straye er stolte over \u00e5 ha blitt hovedsponsor for Adrian Monkvik \u2013 en fremadstormende 17-\u00e5ring fra Fredrikstad. Adrian satser m\u00e5lrettet\u2026Vi s\u00f8ker mont\u00f8rer\/montasjelag (vegg og tak) Stillinger ledig Arbeidsgiver: Straye St\u00e5lbygg AS ... Read More","og_url":"https:\/\/straye.no\/sv\/feed-sharepoint\/gruppen\/","og_site_name":"Straye","article_modified_time":"2025-05-07T09:02:36+00:00","twitter_card":"summary_large_image","twitter_misc":{"Ber\u00e4knad l\u00e4stid":"7 minuter"},"schema":{"@context":"https:\/\/schema.org","@graph":[{"@type":"WebPage","@id":"https:\/\/straye.no\/feed-sharepoint\/gruppen\/","url":"https:\/\/straye.no\/feed-sharepoint\/gruppen\/","name":"Gruppen - Straye","isPartOf":{"@id":"https:\/\/straye.no\/#website"},"datePublished":"2025-02-19T09:38:26+00:00","dateModified":"2025-05-07T09:02:36+00:00","breadcrumb":{"@id":"https:\/\/straye.no\/feed-sharepoint\/gruppen\/#breadcrumb"},"inLanguage":"sv-SE","potentialAction":[{"@type":"ReadAction","target":["https:\/\/straye.no\/feed-sharepoint\/gruppen\/"]}]},{"@type":"BreadcrumbList","@id":"https:\/\/straye.no\/feed-sharepoint\/gruppen\/#breadcrumb","itemListElement":[{"@type":"ListItem","position":1,"name":"Hjem","item":"https:\/\/straye.no\/"},{"@type":"ListItem","position":2,"name":"Feed","item":"https:\/\/straye.no\/feed-sharepoint\/"},{"@type":"ListItem","position":3,"name":"Gruppen"}]},{"@type":"WebSite","@id":"https:\/\/straye.no\/#website","url":"https:\/\/straye.no\/","name":"Straye Group AS","description":"Straye","potentialAction":[{"@type":"SearchAction","target":{"@type":"EntryPoint","urlTemplate":"https:\/\/straye.no\/?s={search_term_string}"},"query-input":{"@type":"PropertyValueSpecification","valueRequired":true,"valueName":"search_term_string"}}],"inLanguage":"sv-SE"}]}},"_links":{"self":[{"href":"https:\/\/straye.no\/sv\/wp-json\/wp\/v2\/pages\/2330","targetHints":{"allow":["GET"]}}],"collection":[{"href":"https:\/\/straye.no\/sv\/wp-json\/wp\/v2\/pages"}],"about":[{"href":"https:\/\/straye.no\/sv\/wp-json\/wp\/v2\/types\/page"}],"author":[{"embeddable":true,"href":"https:\/\/straye.no\/sv\/wp-json\/wp\/v2\/users\/1"}],"replies":[{"embeddable":true,"href":"https:\/\/straye.no\/sv\/wp-json\/wp\/v2\/comments?post=2330"}],"version-history":[{"count":4,"href":"https:\/\/straye.no\/sv\/wp-json\/wp\/v2\/pages\/2330\/revisions"}],"predecessor-version":[{"id":2344,"href":"https:\/\/straye.no\/sv\/wp-json\/wp\/v2\/pages\/2330\/revisions\/2344"}],"up":[{"embeddable":true,"href":"https:\/\/straye.no\/sv\/wp-json\/wp\/v2\/pages\/2324"}],"wp:attachment":[{"href":"https:\/\/straye.no\/sv\/wp-json\/wp\/v2\/media?parent=2330"}],"wp:term":[{"taxonomy":"post_tag","embeddable":true,"href":"https:\/\/straye.no\/sv\/wp-json\/wp\/v2\/tags?post=2330"},{"taxonomy":"firmaer","embeddable":true,"href":"https:\/\/straye.no\/sv\/wp-json\/wp\/v2\/firmaer?post=2330"}],"curies":[{"name":"wp","href":"https:\/\/api.w.org\/{rel}","templated":true}]}}