{"id":2324,"date":"2025-02-19T09:27:25","date_gmt":"2025-02-19T09:27:25","guid":{"rendered":"https:\/\/straye.no\/?page_id=2324"},"modified":"2025-05-07T09:01:59","modified_gmt":"2025-05-07T09:01:59","slug":"feed-sharepoint","status":"publish","type":"page","link":"https:\/\/straye.no\/sv\/feed-sharepoint\/","title":{"rendered":"Foder"},"content":{"rendered":"<div id=\"cs-content\" class=\"cs-content\"><div class=\"x-section e2324-e1 m1sk-0\"><div class=\"x-row e2324-e2 m1sk-4 m1sk-5\"><div class=\"x-row-inner\"><a class=\"x-col e2324-e3 m1sk-6 m1sk-1 m1sk-2\" href=\"https:\/\/straye.no\/sv\/aktuelt\/megaflis-varehus-i-trondheim\/\" data-x-effect-provider=\"colors particles effects\" data-x-effect=\"{&quot;durationBase&quot;:&quot;400ms&quot;}\"><figure class=\"x-div e2324-e4 m1sk-7 m1sk-8\"><span class=\"x-image e2324-e5 m1sk-a\"><img decoding=\"async\" src=\"https:\/\/straye.no\/wp-content\/uploads\/2026\/03\/Megaflis-120226-1536x864-1.webp\" width=\"768\" height=\"432\" alt=\"Featured image for \u201cMegaflis-varehus i Trondheim\u201d\" loading=\"lazy\"><\/span><\/figure><article class=\"x-div e2324-e6 m1sk-8 m1sk-9\"><div class=\"x-text x-text-headline e2324-e7 m1sk-b m1sk-1 m1sk-3\"><div class=\"x-text-content\"><div class=\"x-text-content-text\"><h2 class=\"x-text-content-text-primary\">Megaflis-varuhus i Trondheim<\/h2>\n<\/div><\/div><\/div><div class=\"x-text x-content e2324-e8 m1sk-c\">Vi \u00e4r stolta \u00f6ver att ha tecknat kontrakt som underentrepren\u00f6r f\u00f6r Megaflis nya varuhus p\u00e5 Sandmoen i Trondheim. Byggherre: RELOG \u2026<\/div><\/article><\/a><a class=\"x-col e2324-e3 m1sk-6 m1sk-1 m1sk-2\" href=\"https:\/\/straye.no\/sv\/aktuelt\/straye-sponser-adrian-monkvik\/\" data-x-effect-provider=\"colors particles effects\" data-x-effect=\"{&quot;durationBase&quot;:&quot;400ms&quot;}\"><figure class=\"x-div e2324-e4 m1sk-7 m1sk-8\"><span class=\"x-image e2324-e5 m1sk-a\"><img decoding=\"async\" src=\"https:\/\/straye.no\/wp-content\/uploads\/2026\/02\/Adrian_og_Stefan_web_topp-scaled.jpg\" width=\"1280\" height=\"261\" alt=\"Featured image for \u201cStraye \u2013 stolt hovedsponsor for Adrian Monkvik\u201d\" loading=\"lazy\"><\/span><\/figure><article class=\"x-div e2324-e6 m1sk-8 m1sk-9\"><div class=\"x-text x-text-headline e2324-e7 m1sk-b m1sk-1 m1sk-3\"><div class=\"x-text-content\"><div class=\"x-text-content-text\"><h2 class=\"x-text-content-text-primary\">Straye - stolt huvudsponsor av Adrian Monkvik<\/h2>\n<\/div><\/div><\/div><div class=\"x-text x-content e2324-e8 m1sk-c\">Straye \u00e4r stolta \u00f6ver att ha blivit huvudsponsor f\u00f6r Adrian Monkvik - en lovande 17-\u00e5ring fr\u00e5n Fredrikstad. Adrian siktar p\u00e5 att...<\/div><\/article><\/a><a class=\"x-col e2324-e3 m1sk-6 m1sk-1 m1sk-2\" href=\"https:\/\/straye.no\/sv\/aktuelt\/vi-soker-taktekkere-trondheim-norge\/\" data-x-effect-provider=\"colors particles effects\" data-x-effect=\"{&quot;durationBase&quot;:&quot;400ms&quot;}\"><figure class=\"x-div e2324-e4 m1sk-7 m1sk-8\"><span class=\"x-image e2324-e5 m1sk-a\"><img decoding=\"async\" src=\"https:\/\/straye.no\/wp-content\/uploads\/2026\/02\/Taktekker_toppbilde2-scaled.jpg\" width=\"1280\" height=\"322\" alt=\"Featured image for \u201cVi s\u00f8ker dyktige taktekkere \u2013 Trondheim og resten av Norge\u201d\" loading=\"lazy\"><\/span><\/figure><article class=\"x-div e2324-e6 m1sk-8 m1sk-9\"><div class=\"x-text x-text-headline e2324-e7 m1sk-b m1sk-1 m1sk-3\"><div class=\"x-text-content\"><div class=\"x-text-content-text\"><h2 class=\"x-text-content-text-primary\">Vi s\u00f6ker duktiga takl\u00e4ggare - Trondheim och resten av Norge<\/h2>\n<\/div><\/div><\/div><div class=\"x-text x-content e2324-e8 m1sk-c\">Lediga tj\u00e4nster Arbetsgivare: Straye Tak AS Arbetstitel: Takl\u00e4ggare Anst\u00e4llningsform: Tillsvidareanst\u00e4llning Sista ans\u00f6kningsdag: Snarast m\u00f6jligt (ans\u00f6kningar behandlas l\u00f6pande) Arbetsort: Trondheim och \u00f6vriga delar av...<\/div><\/article><\/a><a class=\"x-col e2324-e3 m1sk-6 m1sk-1 m1sk-2\" href=\"https:\/\/straye.no\/sv\/aktuelt\/montorer-montasjelag-vegg-tak\/\" data-x-effect-provider=\"colors particles effects\" data-x-effect=\"{&quot;durationBase&quot;:&quot;400ms&quot;}\"><figure class=\"x-div e2324-e4 m1sk-7 m1sk-8\"><span class=\"x-image e2324-e5 m1sk-a\"><img decoding=\"async\" src=\"https:\/\/straye.no\/wp-content\/uploads\/2025\/10\/ledigstilling_stalmontor_logo-copy.png\" width=\"1000\" height=\"250\" alt=\"Featured image for \u201cVi s\u00f8ker mont\u00f8rer\/montasjelag (vegg og tak)\u201d\" loading=\"lazy\"><\/span><\/figure><article class=\"x-div e2324-e6 m1sk-8 m1sk-9\"><div class=\"x-text x-text-headline e2324-e7 m1sk-b m1sk-1 m1sk-3\"><div class=\"x-text-content\"><div class=\"x-text-content-text\"><h2 class=\"x-text-content-text-primary\">Vi s\u00f6ker mont\u00f6rer\/monteringsteam (v\u00e4gg och tak)<\/h2>\n<\/div><\/div><\/div><div class=\"x-text x-content e2324-e8 m1sk-c\">Lediga tj\u00e4nster Arbetsgivare: Straye St\u00e5lbygg AS Arbetstitel: Mont\u00f6r\/monteringsteam - Sandwich (v\u00e4gg) och TRP (tak) Anst\u00e4llningsform: Tillsvidareanst\u00e4llning \/ Projektbaserad...<\/div><\/article><\/a><a class=\"x-col e2324-e3 m1sk-6 m1sk-1 m1sk-2\" href=\"https:\/\/straye.no\/sv\/aktuelt\/nyttarshilsen2026\/\" data-x-effect-provider=\"colors particles effects\" data-x-effect=\"{&quot;durationBase&quot;:&quot;400ms&quot;}\"><figure class=\"x-div e2324-e4 m1sk-7 m1sk-8\"><span class=\"x-image e2324-e5 m1sk-a\"><img decoding=\"async\" src=\"https:\/\/straye.no\/wp-content\/uploads\/2025\/12\/StrayeFyrverkeri-scaled.jpg\" width=\"1280\" height=\"300\" alt=\"Featured image for \u201cGodt nytt \u00e5r fra Straye!\u201d\" loading=\"lazy\"><\/span><\/figure><article class=\"x-div e2324-e6 m1sk-8 m1sk-9\"><div class=\"x-text x-text-headline e2324-e7 m1sk-b m1sk-1 m1sk-3\"><div class=\"x-text-content\"><div class=\"x-text-content-text\"><h2 class=\"x-text-content-text-primary\">Gott nytt \u00e5r fr\u00e5n Straye!<\/h2>\n<\/div><\/div><\/div><div class=\"x-text x-content e2324-e8 m1sk-c\">2025 har varit ett tufft \u00e5r f\u00f6r m\u00e5nga entrepren\u00f6rer i branschen. Men Straye - genom Straye St\u00e5lbygg, Straye Hybridbygg,...<\/div><\/article><\/a><a class=\"x-col e2324-e3 m1sk-6 m1sk-1 m1sk-2\" href=\"https:\/\/straye.no\/sv\/aktuelt\/miljofyrtarn\/\" data-x-effect-provider=\"colors particles effects\" data-x-effect=\"{&quot;durationBase&quot;:&quot;400ms&quot;}\"><figure class=\"x-div e2324-e4 m1sk-7 m1sk-8\"><span class=\"x-image e2324-e5 m1sk-a\"><img decoding=\"async\" src=\"https:\/\/straye.no\/wp-content\/uploads\/2025\/11\/Miljofyrtarn_StrayeGruppen2.jpg\" width=\"900\" height=\"232\" alt=\"Featured image for \u201cStraye Gruppen er Milj\u00f8fyrt\u00e5rn-sertifisert\u201d\" loading=\"lazy\"><\/span><\/figure><article class=\"x-div e2324-e6 m1sk-8 m1sk-9\"><div class=\"x-text x-text-headline e2324-e7 m1sk-b m1sk-1 m1sk-3\"><div class=\"x-text-content\"><div class=\"x-text-content-text\"><h2 class=\"x-text-content-text-primary\">Straye Group \u00e4r certifierad som Eco-Lighthouse<\/h2>\n<\/div><\/div><\/div><div class=\"x-text x-content e2324-e8 m1sk-c\">Straye Group \u00e4r stolta \u00f6ver att vara Eco-Lighthouse-certifierade - en tydlig demonstration av v\u00e5rt engagemang f\u00f6r ansvarsfulla val, h\u00e5llbarhet och...<\/div><\/article><\/a><a class=\"x-col e2324-e3 m1sk-6 m1sk-1 m1sk-2\" href=\"https:\/\/straye.no\/sv\/aktuelt\/stalmontor-prefabmontor\/\" data-x-effect-provider=\"colors particles effects\" data-x-effect=\"{&quot;durationBase&quot;:&quot;400ms&quot;}\"><figure class=\"x-div e2324-e4 m1sk-7 m1sk-8\"><span class=\"x-image e2324-e5 m1sk-a\"><img decoding=\"async\" src=\"https:\/\/straye.no\/wp-content\/uploads\/2025\/10\/ledigstilling_stalmontor_logo-copy.png\" width=\"1000\" height=\"250\" alt=\"Featured image for \u201cSt\u00e5lmont\u00f6r \/ Prefabmont\u00f6r\u201d\" loading=\"lazy\"><\/span><\/figure><article class=\"x-div e2324-e6 m1sk-8 m1sk-9\"><div class=\"x-text x-text-headline e2324-e7 m1sk-b m1sk-1 m1sk-3\"><div class=\"x-text-content\"><div class=\"x-text-content-text\"><h2 class=\"x-text-content-text-primary\">St\u00e5lmont\u00f6r \/ Prefabricerare<\/h2>\n<\/div><\/div><\/div><div class=\"x-text x-content e2324-e8 m1sk-c\">Ledigt jobb Arbetsgivare: Straye St\u00e5lbygg AS Arbetstitel: St\u00e5lmont\u00f6r \/ Prefabmont\u00f6r Anst\u00e4llningsform: Tillsvidareanst\u00e4llning Sista ans\u00f6kningsdag: Omg\u00e5ende (ans\u00f6kningar behandlas l\u00f6pande) Arbetsplats: Resor.<\/div><\/article><\/a><a class=\"x-col e2324-e3 m1sk-6 m1sk-1 m1sk-2\" href=\"https:\/\/straye.no\/sv\/aktuelt\/montor-malare-isolerare-brandskyddsmalning-brandisolering\/\" data-x-effect-provider=\"colors particles effects\" data-x-effect=\"{&quot;durationBase&quot;:&quot;400ms&quot;}\"><figure class=\"x-div e2324-e4 m1sk-7 m1sk-8\"><span class=\"x-image e2324-e5 m1sk-a\"><img decoding=\"async\" src=\"https:\/\/straye.no\/wp-content\/uploads\/2025\/10\/ledigstilling_montor_logo-copy.png\" width=\"1280\" height=\"322\" alt=\"Featured image for \u201cMont\u00f6r\/M\u00e5lare\/Isolerare \u2013 Brandskyddsm\u00e5lning \/ Brandisolering\u201d\" loading=\"lazy\"><\/span><\/figure><article class=\"x-div e2324-e6 m1sk-8 m1sk-9\"><div class=\"x-text x-text-headline e2324-e7 m1sk-b m1sk-1 m1sk-3\"><div class=\"x-text-content\"><div class=\"x-text-content-text\"><h2 class=\"x-text-content-text-primary\">Mont\u00f6r\/M\u00e5lare\/Insolator - Brandskyddsm\u00e5lning \/ Brandisolering<\/h2>\n<\/div><\/div><\/div><div class=\"x-text x-content e2324-e8 m1sk-c\">Ledigt jobb \u00c4r du en praktisk person som gillar att se resultatet av ditt arbete - och som vill bidra till s\u00e4krare byggnader?<\/div><\/article><\/a><a class=\"x-col e2324-e3 m1sk-6 m1sk-1 m1sk-2\" href=\"https:\/\/straye.no\/sv\/aktuelt\/stalmontor-prefabmontor-stalbygg-og-prefabmontasje\/\" data-x-effect-provider=\"colors particles effects\" data-x-effect=\"{&quot;durationBase&quot;:&quot;400ms&quot;}\"><figure class=\"x-div e2324-e4 m1sk-7 m1sk-8\"><span class=\"x-image e2324-e5 m1sk-a\"><img decoding=\"async\" src=\"https:\/\/straye.no\/wp-content\/uploads\/2025\/10\/ledigstilling_stalmontor_logo-copy.png\" width=\"1000\" height=\"250\" alt=\"Featured image for \u201cSt\u00e5lmont\u00f8r \/ Prefabmont\u00f8r \u2013 St\u00e5lbygg og prefabmontasje\u201d\" loading=\"lazy\"><\/span><\/figure><article class=\"x-div e2324-e6 m1sk-8 m1sk-9\"><div class=\"x-text x-text-headline e2324-e7 m1sk-b m1sk-1 m1sk-3\"><div class=\"x-text-content\"><div class=\"x-text-content-text\"><h2 class=\"x-text-content-text-primary\">St\u00e5lmont\u00f6r \/ Prefabricerare - St\u00e5lbyggnader och prefabricering<\/h2>\n<\/div><\/div><\/div><div class=\"x-text x-content e2324-e8 m1sk-c\">Ledigt jobb Arbetsgivare: Straye St\u00e5lbygg AS Arbetstitel: St\u00e5lmont\u00f6r \/ Prefabmont\u00f6r Anst\u00e4llningsform: Tillsvidareanst\u00e4llning Sista ans\u00f6kningsdag: Snarast m\u00f6jligt (ans\u00f6kningar behandlas l\u00f6pande) Arbetsort: Reser med...<\/div><\/article><\/a><a class=\"x-col e2324-e3 m1sk-6 m1sk-1 m1sk-2\" href=\"https:\/\/straye.no\/sv\/aktuelt\/montor-maler-isolator-brannmaling-brannisolering\/\" data-x-effect-provider=\"colors particles effects\" data-x-effect=\"{&quot;durationBase&quot;:&quot;400ms&quot;}\"><figure class=\"x-div e2324-e4 m1sk-7 m1sk-8\"><span class=\"x-image e2324-e5 m1sk-a\"><img decoding=\"async\" src=\"https:\/\/straye.no\/wp-content\/uploads\/2025\/10\/ledigstilling_montor_logo-copy.png\" width=\"1280\" height=\"322\" alt=\"Featured image for \u201cMont\u00f8r\/Maler\/Isolat\u00f8r \u2013 Brannmaling\/Brannisolering\u201d\" loading=\"lazy\"><\/span><\/figure><article class=\"x-div e2324-e6 m1sk-8 m1sk-9\"><div class=\"x-text x-text-headline e2324-e7 m1sk-b m1sk-1 m1sk-3\"><div class=\"x-text-content\"><div class=\"x-text-content-text\"><h2 class=\"x-text-content-text-primary\">Mont\u00f6r\/M\u00e5lare\/Insolator - Brandf\u00e4rg\/brandisolering<\/h2>\n<\/div><\/div><\/div><div class=\"x-text x-content e2324-e8 m1sk-c\">Ledigt jobb \u00c4r du en praktisk person som gillar att se resultatet av ditt arbete - och vill bidra till s\u00e4krare byggande?<\/div><\/article><\/a><a class=\"x-col e2324-e3 m1sk-6 m1sk-1 m1sk-2\" href=\"https:\/\/straye.no\/sv\/aktuelt\/straye-stalbygg-er-gasellebedrift-for-10-gang\/\" data-x-effect-provider=\"colors particles effects\" data-x-effect=\"{&quot;durationBase&quot;:&quot;400ms&quot;}\"><figure class=\"x-div e2324-e4 m1sk-7 m1sk-8\"><span class=\"x-image e2324-e5 m1sk-a\"><img decoding=\"async\" src=\"https:\/\/straye.no\/wp-content\/uploads\/2025\/07\/Gaselle_toppbilde-scaled.jpg\" width=\"1280\" height=\"445\" alt=\"Featured image for \u201cStraye St\u00e5lbygg er Gasellebedrift  \u2013 for 10. gang!\u201d\" loading=\"lazy\"><\/span><\/figure><article class=\"x-div e2324-e6 m1sk-8 m1sk-9\"><div class=\"x-text x-text-headline e2324-e7 m1sk-b m1sk-1 m1sk-3\"><div class=\"x-text-content\"><div class=\"x-text-content-text\"><h2 class=\"x-text-content-text-primary\">Straye St\u00e5lbygg \u00e4r Gasellf\u00f6retag - f\u00f6r 10:e g\u00e5ngen!<\/h2>\n<\/div><\/div><\/div><div class=\"x-text x-content e2324-e8 m1sk-c\">Vi \u00e4r stolta \u00f6ver att kunna meddela att Straye St\u00e5lbygg har utsetts till Gasellf\u00f6retag f\u00f6r 2024 - v\u00e5r 10:e Gasellutm\u00e4rkelse totalt! Gasellutm\u00e4rkelse totalt! Gasellpriset delas ut till...<\/div><\/article><\/a><a class=\"x-col e2324-e3 m1sk-6 m1sk-1 m1sk-2\" href=\"https:\/\/straye.no\/sv\/aktuelt\/pl_tettbyggentrepriser\/\" data-x-effect-provider=\"colors particles effects\" data-x-effect=\"{&quot;durationBase&quot;:&quot;400ms&quot;}\"><figure class=\"x-div e2324-e4 m1sk-7 m1sk-8\"><span class=\"x-image e2324-e5 m1sk-a\"><img decoding=\"async\" src=\"https:\/\/straye.no\/wp-content\/uploads\/2025\/03\/Straye_prosjektleder-scaled.jpg\" width=\"1280\" height=\"322\" alt=\"Featured image for \u201cProsjektleder Tettbygg entrepriser Straye Gruppen\u201d\" loading=\"lazy\"><\/span><\/figure><article class=\"x-div e2324-e6 m1sk-8 m1sk-9\"><div class=\"x-text x-text-headline e2324-e7 m1sk-b m1sk-1 m1sk-3\"><div class=\"x-text-content\"><div class=\"x-text-content-text\"><h2 class=\"x-text-content-text-primary\">Projektledare, t\u00e4ta byggentreprenader, Straye Gruppen<\/h2>\n<\/div><\/div><\/div><div class=\"x-text x-content e2324-e8 m1sk-c\">Ledigt jobb Straye Gruppen AS grundades 2007. Sedan dess har f\u00f6retaget vuxit till 150 anst\u00e4llda, och...<\/div><\/article><\/a><a class=\"x-col e2324-e3 m1sk-6 m1sk-1 m1sk-2\" href=\"https:\/\/straye.no\/sv\/aktuelt\/lagerseksjoner-i-valer_tak\/\" data-x-effect-provider=\"colors particles effects\" data-x-effect=\"{&quot;durationBase&quot;:&quot;400ms&quot;}\"><figure class=\"x-div e2324-e4 m1sk-7 m1sk-8\"><span class=\"x-image e2324-e5 m1sk-a\"><img decoding=\"async\" src=\"https:\/\/straye.no\/wp-content\/uploads\/2025\/01\/Vaaler_lager_toppbilde_v2.jpg\" width=\"800\" height=\"371\" alt=\"Featured image for \u201cLagerseksjoner i V\u00e5ler\u201d\" loading=\"lazy\"><\/span><\/figure><article class=\"x-div e2324-e6 m1sk-8 m1sk-9\"><div class=\"x-text x-text-headline e2324-e7 m1sk-b m1sk-1 m1sk-3\"><div class=\"x-text-content\"><div class=\"x-text-content-text\"><h2 class=\"x-text-content-text-primary\">Lagersektioner i V\u00e5ler<\/h2>\n<\/div><\/div><\/div><div class=\"x-text x-content e2324-e8 m1sk-c\">Straye St\u00e5lbygg levererar t\u00e4tbyggnadskontrakt till totalentrepren\u00f6ren TR Eiendom p\u00e5 nya funktionella lagersektioner i V\u00e5ler.Best\u00e4llare: T.R. EiendomTotalentrepren\u00f6r: T.R. EiendomArea: 5850...<\/div><\/article><\/a><a class=\"x-col e2324-e3 m1sk-6 m1sk-1 m1sk-2\" href=\"https:\/\/straye.no\/sv\/aktuelt\/lagerseksjoner_vaaler\/\" data-x-effect-provider=\"colors particles effects\" data-x-effect=\"{&quot;durationBase&quot;:&quot;400ms&quot;}\"><figure class=\"x-div e2324-e4 m1sk-7 m1sk-8\"><span class=\"x-image e2324-e5 m1sk-a\"><img decoding=\"async\" src=\"https:\/\/straye.no\/wp-content\/uploads\/2025\/01\/Vaaler_lager_toppbilde_v2.jpg\" width=\"800\" height=\"371\" alt=\"Featured image for \u201cLagerseksjoner i V\u00e5ler\u201d\" loading=\"lazy\"><\/span><\/figure><article class=\"x-div e2324-e6 m1sk-8 m1sk-9\"><div class=\"x-text x-text-headline e2324-e7 m1sk-b m1sk-1 m1sk-3\"><div class=\"x-text-content\"><div class=\"x-text-content-text\"><h2 class=\"x-text-content-text-primary\">Lagersektioner i V\u00e5ler<\/h2>\n<\/div><\/div><\/div><div class=\"x-text x-content e2324-e8 m1sk-c\">Straye St\u00e5lbygg levererar t\u00e4tbyggnadskontrakt till totalentrepren\u00f6ren TR Eiendom p\u00e5 nya funktionella lagersektioner i V\u00e5ler.Best\u00e4llare: T.R. EiendomTotalentrepren\u00f6r: T.R. EiendomArea: 5850...<\/div><\/article><\/a><a class=\"x-col e2324-e3 m1sk-6 m1sk-1 m1sk-2\" href=\"https:\/\/straye.no\/sv\/aktuelt\/godt-nytt-fra-straye-industri\/\" data-x-effect-provider=\"colors particles effects\" data-x-effect=\"{&quot;durationBase&quot;:&quot;400ms&quot;}\"><figure class=\"x-div e2324-e4 m1sk-7 m1sk-8\"><span class=\"x-image e2324-e5 m1sk-a\"><img decoding=\"async\" src=\"https:\/\/straye.no\/wp-content\/uploads\/2024\/09\/Morrow_Toppbilde_2024.jpg\" width=\"1183\" height=\"438\" alt=\"Featured image for \u201cGodt nytt fra Straye Industri\u201d\" loading=\"lazy\"><\/span><\/figure><article class=\"x-div e2324-e6 m1sk-8 m1sk-9\"><div class=\"x-text x-text-headline e2324-e7 m1sk-b m1sk-1 m1sk-3\"><div class=\"x-text-content\"><div class=\"x-text-content-text\"><h2 class=\"x-text-content-text-primary\">Goda nyheter fr\u00e5n Straye Industri<\/h2>\n<\/div><\/div><\/div><div class=\"x-text x-content e2324-e8 m1sk-c\">Vi g\u00e5r nu in i 2025 med stor entusiasm och sp\u00e4nning inf\u00f6r ett vackert genomf\u00f6rt 2024 fyllt av m\u00e5nga...<\/div><\/article><\/a><a class=\"x-col e2324-e3 m1sk-6 m1sk-1 m1sk-2\" href=\"https:\/\/straye.no\/sv\/aktuelt\/it_sjef_strayegruppen\/\" data-x-effect-provider=\"colors particles effects\" data-x-effect=\"{&quot;durationBase&quot;:&quot;400ms&quot;}\"><figure class=\"x-div e2324-e4 m1sk-7 m1sk-8\"><span class=\"x-image e2324-e5 m1sk-a\"><img decoding=\"async\" src=\"https:\/\/straye.no\/wp-content\/uploads\/2025\/01\/Straye_robot_ai_hand-scaled.jpg\" width=\"1280\" height=\"265\" alt=\"Featured image for \u201cAI, IT og Utviklingsansvarlig\u201d\" loading=\"lazy\"><\/span><\/figure><article class=\"x-div e2324-e6 m1sk-8 m1sk-9\"><div class=\"x-text x-text-headline e2324-e7 m1sk-b m1sk-1 m1sk-3\"><div class=\"x-text-content\"><div class=\"x-text-content-text\"><h2 class=\"x-text-content-text-primary\">AI-, IT- och utvecklingschef<\/h2>\n<\/div><\/div><\/div><div class=\"x-text x-content e2324-e8 m1sk-c\">Ledigt jobb AI-, IT- och utvecklingschef - Straye Gruppen Arbetsgivare: Straye Gruppen Befattning: AI-, IT- och utvecklingschef Anst\u00e4llningsform: Tillsvidareanst\u00e4llning Arbetsort: \u00d8stfold (Fredrikstad\/Sarpsborg\/Moss) eller hybrid...<\/div><\/article><\/a><a class=\"x-col e2324-e3 m1sk-6 m1sk-1 m1sk-2\" href=\"https:\/\/straye.no\/sv\/aktuelt\/god-jul\/\" data-x-effect-provider=\"colors particles effects\" data-x-effect=\"{&quot;durationBase&quot;:&quot;400ms&quot;}\"><figure class=\"x-div e2324-e4 m1sk-7 m1sk-8\"><span class=\"x-image e2324-e5 m1sk-a\"><img decoding=\"async\" src=\"https:\/\/straye.no\/wp-content\/uploads\/2024\/12\/Jul_web-straye2-scaled.jpg\" width=\"1280\" height=\"395\" alt=\"Featured image for \u201cGod jul og et godt nytt \u00e5r!\u201d\" loading=\"lazy\"><\/span><\/figure><article class=\"x-div e2324-e6 m1sk-8 m1sk-9\"><div class=\"x-text x-text-headline e2324-e7 m1sk-b m1sk-1 m1sk-3\"><div class=\"x-text-content\"><div class=\"x-text-content-text\"><h2 class=\"x-text-content-text-primary\">God jul och gott nytt \u00e5r!<\/h2>\n<\/div><\/div><\/div><div class=\"x-text x-content e2324-e8 m1sk-c\">Julfriden \u00e4r p\u00e5 v\u00e4g att s\u00e4nka sig \u00f6ver de tusentals logistikbyggnaderna i Norge. Vi stryker v\u00e5ra julkostymer och...<\/div><\/article><\/a><a class=\"x-col e2324-e3 m1sk-6 m1sk-1 m1sk-2\" href=\"https:\/\/straye.no\/sv\/aktuelt\/mekonomen_vestby_1\/\" data-x-effect-provider=\"colors particles effects\" data-x-effect=\"{&quot;durationBase&quot;:&quot;400ms&quot;}\"><figure class=\"x-div e2324-e4 m1sk-7 m1sk-8\"><span class=\"x-image e2324-e5 m1sk-a\"><img decoding=\"async\" src=\"https:\/\/straye.no\/wp-content\/uploads\/2024\/12\/DJI_20240927102050_0132_D_web.jpg\" width=\"750\" height=\"561\" alt=\"Featured image for \u201cNytt lager for Mekonomen p\u00e5 Vestby\u201d\" loading=\"lazy\"><\/span><\/figure><article class=\"x-div e2324-e6 m1sk-8 m1sk-9\"><div class=\"x-text x-text-headline e2324-e7 m1sk-b m1sk-1 m1sk-3\"><div class=\"x-text-content\"><div class=\"x-text-content-text\"><h2 class=\"x-text-content-text-primary\">Ny lagerlokal f\u00f6r Mekonomen i Vestby<\/h2>\n<\/div><\/div><\/div><div class=\"x-text x-content e2324-e8 m1sk-c\">Straye St\u00e5lbygg h\u00e5ller p\u00e5 att f\u00e4rdigst\u00e4lla en ny lagerbyggnad p\u00e5 32.000 kvm f\u00f6r v\u00e5r totalentrepren\u00f6r Thermica AS p\u00e5...<\/div><\/article><\/a><a class=\"x-col e2324-e3 m1sk-6 m1sk-1 m1sk-2\" href=\"https:\/\/straye.no\/sv\/aktuelt\/tilbygg-pa-new-wave-i-rade_tak\/\" data-x-effect-provider=\"colors particles effects\" data-x-effect=\"{&quot;durationBase&quot;:&quot;400ms&quot;}\"><figure class=\"x-div e2324-e4 m1sk-7 m1sk-8\"><span class=\"x-image e2324-e5 m1sk-a\"><img decoding=\"async\" src=\"https:\/\/straye.no\/wp-content\/uploads\/2024\/11\/DJI_20240527074854_0631_D_web.jpg\" width=\"750\" height=\"561\" alt=\"Featured image for \u201cTilbygg p\u00e5 New Wave i R\u00e5de\u201d\" loading=\"lazy\"><\/span><\/figure><article class=\"x-div e2324-e6 m1sk-8 m1sk-9\"><div class=\"x-text x-text-headline e2324-e7 m1sk-b m1sk-1 m1sk-3\"><div class=\"x-text-content\"><div class=\"x-text-content-text\"><h2 class=\"x-text-content-text-primary\">Tillbyggnad p\u00e5 New Wave i R\u00e5de<\/h2>\n<\/div><\/div><\/div><div class=\"x-text x-content e2324-e8 m1sk-c\">Under 2017 byggde Norbygg logistik- och kontorsbyggnaden f\u00f6r grossisten New Wave i R\u00e5de och nu fanns det ett behov av expansion....<\/div><\/article><\/a><a class=\"x-col e2324-e3 m1sk-6 m1sk-1 m1sk-2\" href=\"https:\/\/straye.no\/sv\/aktuelt\/new_wave\/\" data-x-effect-provider=\"colors particles effects\" data-x-effect=\"{&quot;durationBase&quot;:&quot;400ms&quot;}\"><figure class=\"x-div e2324-e4 m1sk-7 m1sk-8\"><span class=\"x-image e2324-e5 m1sk-a\"><img decoding=\"async\" src=\"https:\/\/straye.no\/wp-content\/uploads\/2024\/11\/DJI_20240527074854_0631_D_web.jpg\" width=\"750\" height=\"561\" alt=\"Featured image for \u201cTilbygg p\u00e5 New Wave i R\u00e5de\u201d\" loading=\"lazy\"><\/span><\/figure><article class=\"x-div e2324-e6 m1sk-8 m1sk-9\"><div class=\"x-text x-text-headline e2324-e7 m1sk-b m1sk-1 m1sk-3\"><div class=\"x-text-content\"><div class=\"x-text-content-text\"><h2 class=\"x-text-content-text-primary\">Tillbyggnad p\u00e5 New Wave i R\u00e5de<\/h2>\n<\/div><\/div><\/div><div class=\"x-text x-content e2324-e8 m1sk-c\">Under 2017 byggde Norbygg logistik- och kontorsbyggnaden f\u00f6r grossisten New Wave i R\u00e5de och nu fanns det ett behov av expansion....<\/div><\/article><\/a><a class=\"x-col e2324-e3 m1sk-6 m1sk-1 m1sk-2\" href=\"https:\/\/straye.no\/sv\/aktuelt\/ringvirkninger\/\" data-x-effect-provider=\"colors particles effects\" data-x-effect=\"{&quot;durationBase&quot;:&quot;400ms&quot;}\"><figure class=\"x-div e2324-e4 m1sk-7 m1sk-8\"><span class=\"x-image e2324-e5 m1sk-a\"><img decoding=\"async\" src=\"https:\/\/straye.no\/wp-content\/uploads\/2024\/11\/StrayeIndia_RV_1.jpg\" width=\"640\" height=\"419\" alt=\"Featured image for \u201cVi tror p\u00e5 lokale ringvirkninger, der vi er til stede!\u201d\" loading=\"lazy\"><\/span><\/figure><article class=\"x-div e2324-e6 m1sk-8 m1sk-9\"><div class=\"x-text x-text-headline e2324-e7 m1sk-b m1sk-1 m1sk-3\"><div class=\"x-text-content\"><div class=\"x-text-content-text\"><h2 class=\"x-text-content-text-primary\">Vi tror p\u00e5 lokala ringar p\u00e5 vattnet var vi \u00e4n befinner oss!<\/h2>\n<\/div><\/div><\/div><div class=\"x-text x-content e2324-e8 m1sk-c\">Straye India Pvt. Ltd. grundades 2022 och har haft en stor tillv\u00e4xt p\u00e5 mycket kort tid. De anst\u00e4llda...<\/div><\/article><\/a><a class=\"x-col e2324-e3 m1sk-6 m1sk-1 m1sk-2\" href=\"https:\/\/straye.no\/sv\/aktuelt\/nytt-logistikksenter-ahlsell\/\" data-x-effect-provider=\"colors particles effects\" data-x-effect=\"{&quot;durationBase&quot;:&quot;400ms&quot;}\"><figure class=\"x-div e2324-e4 m1sk-7 m1sk-8\"><span class=\"x-image e2324-e5 m1sk-a\"><img decoding=\"async\" src=\"https:\/\/straye.no\/wp-content\/uploads\/2024\/05\/Ahlslell_StrayeStaalbygg-1.jpg\" width=\"1200\" height=\"374\" alt=\"Featured image for \u201cNytt logistikksenter for Ahlsell\u201d\" loading=\"lazy\"><\/span><\/figure><article class=\"x-div e2324-e6 m1sk-8 m1sk-9\"><div class=\"x-text x-text-headline e2324-e7 m1sk-b m1sk-1 m1sk-3\"><div class=\"x-text-content\"><div class=\"x-text-content-text\"><h2 class=\"x-text-content-text-primary\">Nytt logistikcenter f\u00f6r Ahlsell<\/h2>\n<\/div><\/div><\/div><div class=\"x-text x-content e2324-e8 m1sk-c\">Straye St\u00e5lbygg \u00e4r i full g\u00e5ng med byggandet av ett av Norges st\u00f6rsta lager genom tiderna. Ett toppmodernt logistikcenter...<\/div><\/article><\/a><a class=\"x-col e2324-e3 m1sk-6 m1sk-1 m1sk-2\" href=\"https:\/\/straye.no\/sv\/aktuelt\/idyllfestivalen_2024\/\" data-x-effect-provider=\"colors particles effects\" data-x-effect=\"{&quot;durationBase&quot;:&quot;400ms&quot;}\"><figure class=\"x-div e2324-e4 m1sk-7 m1sk-8\"><span class=\"x-image e2324-e5 m1sk-a\"><img decoding=\"async\" src=\"https:\/\/straye.no\/wp-content\/uploads\/2024\/04\/Straye_Idyll_aktuelt_v2.jpg\" width=\"1280\" height=\"320\" alt=\"Featured image for \u201cIdyllfestivalen 2024\u201d\" loading=\"lazy\"><\/span><\/figure><article class=\"x-div e2324-e6 m1sk-8 m1sk-9\"><div class=\"x-text x-text-headline e2324-e7 m1sk-b m1sk-1 m1sk-3\"><div class=\"x-text-content\"><div class=\"x-text-content-text\"><h2 class=\"x-text-content-text-primary\">Idyll Festival 2024<\/h2>\n<\/div><\/div><\/div><div class=\"x-text x-content e2324-e8 m1sk-c\">Straye Gruppen \u00e4r guldsponsor till IDYLL-festivalen \u2b50\ufe0fI I samband med detta drog vi en vinnare p\u00e5...<\/div><\/article><\/a><a class=\"x-col e2324-e3 m1sk-6 m1sk-1 m1sk-2\" href=\"https:\/\/straye.no\/sv\/aktuelt\/norwegian-steam-team-straye-en-seilbat-med-mye-historie-i-seilene\/\" data-x-effect-provider=\"colors particles effects\" data-x-effect=\"{&quot;durationBase&quot;:&quot;400ms&quot;}\"><figure class=\"x-div e2324-e4 m1sk-7 m1sk-8\"><span class=\"x-image e2324-e5 m1sk-a\"><img decoding=\"async\" src=\"https:\/\/straye.no\/wp-content\/uploads\/2023\/08\/NorwegianSteam2-980x654-1.jpg\" width=\"490\" height=\"327\" alt=\"Featured image for \u201cNorwegian Steam \u2013 Team Straye, en seilb\u00e5t med mye historie i seilene.\u201d\" loading=\"lazy\"><\/span><\/figure><article class=\"x-div e2324-e6 m1sk-8 m1sk-9\"><div class=\"x-text x-text-headline e2324-e7 m1sk-b m1sk-1 m1sk-3\"><div class=\"x-text-content\"><div class=\"x-text-content-text\"><h2 class=\"x-text-content-text-primary\">Norwegian Steam - Team Straye, en segelb\u00e5t med mycket historia i sina segel.<\/h2>\n<\/div><\/div><\/div><div class=\"x-text x-content e2324-e8 m1sk-c\">Straye Gruppen \u00e4r en stolt sponsor av Norwegian Steam i Fredrikstad. Utan mycket tr\u00e4ning tillsammans och en obekant b\u00e5t,...<\/div><\/article><\/a><a class=\"x-col e2324-e3 m1sk-6 m1sk-1 m1sk-2\" href=\"https:\/\/straye.no\/sv\/aktuelt\/oppvarming-til-siste-lopet-i-abu-dhabi\/\" data-x-effect-provider=\"colors particles effects\" data-x-effect=\"{&quot;durationBase&quot;:&quot;400ms&quot;}\"><figure class=\"x-div e2324-e4 m1sk-7 m1sk-8\"><span class=\"x-image e2324-e5 m1sk-a\"><img decoding=\"async\" src=\"https:\/\/straye.no\/wp-content\/uploads\/2023\/11\/DennisHauger_front.jpg\" width=\"1000\" height=\"407\" alt=\"Featured image for \u201cOppvarming til siste l\u00f8pet i Abu Dhabi\u201d\" loading=\"lazy\"><\/span><\/figure><article class=\"x-div e2324-e6 m1sk-8 m1sk-9\"><div class=\"x-text x-text-headline e2324-e7 m1sk-b m1sk-1 m1sk-3\"><div class=\"x-text-content\"><div class=\"x-text-content-text\"><h2 class=\"x-text-content-text-primary\">Uppv\u00e4rmning inf\u00f6r finalracet i Abu Dhabi<\/h2>\n<\/div><\/div><\/div><div class=\"x-text x-content e2324-e8 m1sk-c\">Straye \u00e4r stolta \u00f6ver att vara en del av Dennis Haugers team p\u00e5 jakt efter nya segrar i Formel 1...<\/div><\/article><\/a><a class=\"x-col e2324-e3 m1sk-6 m1sk-1 m1sk-2\" href=\"https:\/\/straye.no\/sv\/aktuelt\/god_jul\/\" data-x-effect-provider=\"colors particles effects\" data-x-effect=\"{&quot;durationBase&quot;:&quot;400ms&quot;}\"><figure class=\"x-div e2324-e4 m1sk-7 m1sk-8\"><span class=\"x-image e2324-e5 m1sk-a\"><img decoding=\"async\" src=\"https:\/\/straye.no\/wp-content\/uploads\/2023\/12\/Julemotiv_Straye_nettside_web-scaled.jpg\" width=\"1280\" height=\"320\" alt=\"Featured image for \u201cStraye Gruppen \u00f8nsker \u2013 God Jul!\u201d\" loading=\"lazy\"><\/span><\/figure><article class=\"x-div e2324-e6 m1sk-8 m1sk-9\"><div class=\"x-text x-text-headline e2324-e7 m1sk-b m1sk-1 m1sk-3\"><div class=\"x-text-content\"><div class=\"x-text-content-text\"><h2 class=\"x-text-content-text-primary\">Straye Group \u00f6nskar - God Jul!<\/h2>\n<\/div><\/div><\/div><div class=\"x-text x-content e2324-e8 m1sk-c\">Ett engagerande och v\u00e4lm\u00e5ende 2023 \u00e4r snart \u00f6ver och vi g\u00e5r snart in i 2024 med m\u00e5nga nya sp\u00e4nnande projekt...<\/div><\/article><\/a><a class=\"x-col e2324-e3 m1sk-6 m1sk-1 m1sk-2\" href=\"https:\/\/straye.no\/sv\/aktuelt\/logistikksenter_posten_bring\/\" data-x-effect-provider=\"colors particles effects\" data-x-effect=\"{&quot;durationBase&quot;:&quot;400ms&quot;}\"><figure class=\"x-div e2324-e4 m1sk-7 m1sk-8\"><span class=\"x-image e2324-e5 m1sk-a\"><img decoding=\"async\" src=\"https:\/\/straye.no\/wp-content\/uploads\/2023\/12\/PostenBring_Moss1_StrayeStaalbygg.jpg\" width=\"1200\" height=\"374\" alt=\"Featured image for \u201cNytt logistikksenter for Posten bring\u201d\" loading=\"lazy\"><\/span><\/figure><article class=\"x-div e2324-e6 m1sk-8 m1sk-9\"><div class=\"x-text x-text-headline e2324-e7 m1sk-b m1sk-1 m1sk-3\"><div class=\"x-text-content\"><div class=\"x-text-content-text\"><h2 class=\"x-text-content-text-primary\">Nytt logistikcenter f\u00f6r Posten Bring<\/h2>\n<\/div><\/div><\/div><div class=\"x-text x-content e2324-e8 m1sk-c\">Straye St\u00e5lbygg ska leverera en totalentreprenad f\u00f6r ett nytt logistikcenter till Posten Bring i Moss. Totalentreprenaden ber\u00e4knas vara f\u00e4rdigst\u00e4lld under h\u00f6sten 2025....<\/div><\/article><\/a><a class=\"x-col e2324-e3 m1sk-6 m1sk-1 m1sk-2\" href=\"https:\/\/straye.no\/sv\/aktuelt\/dennishauger_oppvarming\/\" data-x-effect-provider=\"colors particles effects\" data-x-effect=\"{&quot;durationBase&quot;:&quot;400ms&quot;}\"><figure class=\"x-div e2324-e4 m1sk-7 m1sk-8\"><span class=\"x-image e2324-e5 m1sk-a\"><img decoding=\"async\" src=\"https:\/\/straye.no\/wp-content\/uploads\/2023\/11\/DennisHauger_front.jpg\" width=\"1000\" height=\"407\" alt=\"Featured image for \u201cOppvarming til siste l\u00f8pet i Abu Dhabi\u201d\" loading=\"lazy\"><\/span><\/figure><article class=\"x-div e2324-e6 m1sk-8 m1sk-9\"><div class=\"x-text x-text-headline e2324-e7 m1sk-b m1sk-1 m1sk-3\"><div class=\"x-text-content\"><div class=\"x-text-content-text\"><h2 class=\"x-text-content-text-primary\">Uppv\u00e4rmning inf\u00f6r finalracet i Abu Dhabi<\/h2>\n<\/div><\/div><\/div><div class=\"x-text x-content e2324-e8 m1sk-c\">Straye \u00e4r stolta \u00f6ver att vara en del av Dennis Haugers team p\u00e5 jakt efter nya segrar i Formel 1...<\/div><\/article><\/a><a class=\"x-col e2324-e3 m1sk-6 m1sk-1 m1sk-2\" href=\"https:\/\/straye.no\/sv\/aktuelt\/solhoy_omsorgsboliger\/\" data-x-effect-provider=\"colors particles effects\" data-x-effect=\"{&quot;durationBase&quot;:&quot;400ms&quot;}\"><figure class=\"x-div e2324-e4 m1sk-7 m1sk-8\"><span class=\"x-image e2324-e5 m1sk-a\"><img decoding=\"async\" src=\"https:\/\/straye.no\/wp-content\/uploads\/2023\/11\/Solhoy_Front.png\" width=\"1000\" height=\"691\" alt=\"Featured image for \u201cSolh\u00f8y omsorgsboliger\u201d\" loading=\"lazy\"><\/span><\/figure><article class=\"x-div e2324-e6 m1sk-8 m1sk-9\"><div class=\"x-text x-text-headline e2324-e7 m1sk-b m1sk-1 m1sk-3\"><div class=\"x-text-content\"><div class=\"x-text-content-text\"><h2 class=\"x-text-content-text-primary\">Solh\u00f8y v\u00e5rdhem<\/h2>\n<\/div><\/div><\/div><div class=\"x-text x-content e2324-e8 m1sk-c\">Solh\u00f8y v\u00e5rdboende i Son kommer att best\u00e5 av 67 l\u00e4genheter med dygnet-runt-bemanning. I anslutning till bost\u00e4derna kommer det \u00e4ven att finnas...<\/div><\/article><\/a><a class=\"x-col e2324-e3 m1sk-6 m1sk-1 m1sk-2\" href=\"https:\/\/straye.no\/sv\/aktuelt\/india\/\" data-x-effect-provider=\"colors particles effects\" data-x-effect=\"{&quot;durationBase&quot;:&quot;400ms&quot;}\"><figure class=\"x-div e2324-e4 m1sk-7 m1sk-8\"><span class=\"x-image e2324-e5 m1sk-a\"><img decoding=\"async\" src=\"https:\/\/straye.no\/wp-content\/uploads\/2023\/09\/India_topp_v2.jpg\" width=\"900\" height=\"403\" alt=\"Featured image for \u201cStraye bidrar med skoleb\u00f8ker i India\u201d\" loading=\"lazy\"><\/span><\/figure><article class=\"x-div e2324-e6 m1sk-8 m1sk-9\"><div class=\"x-text x-text-headline e2324-e7 m1sk-b m1sk-1 m1sk-3\"><div class=\"x-text-content\"><div class=\"x-text-content-text\"><h2 class=\"x-text-content-text-primary\">Straye bidrar med skolb\u00f6cker i Indien<\/h2>\n<\/div><\/div><\/div><div class=\"x-text x-content e2324-e8 m1sk-c\">En bra utbildning \u00e4r det viktigaste i livet. Straye India Pvt. Ltd har nyligen k\u00f6pt in 150 b\u00f6cker till studenter...<\/div><\/article><\/a><a class=\"x-col e2324-e3 m1sk-6 m1sk-1 m1sk-2\" href=\"https:\/\/straye.no\/sv\/aktuelt\/ikea_vestby\/\" data-x-effect-provider=\"colors particles effects\" data-x-effect=\"{&quot;durationBase&quot;:&quot;400ms&quot;}\"><figure class=\"x-div e2324-e4 m1sk-7 m1sk-8\"><span class=\"x-image e2324-e5 m1sk-a\"><img decoding=\"async\" src=\"https:\/\/straye.no\/wp-content\/uploads\/2023\/09\/IKEA_Vestby5.webp\" width=\"600\" height=\"337\" alt=\"Featured image for \u201cNytt lager for IKEA p\u00e5 Vestby\u201d\" loading=\"lazy\"><\/span><\/figure><article class=\"x-div e2324-e6 m1sk-8 m1sk-9\"><div class=\"x-text x-text-headline e2324-e7 m1sk-b m1sk-1 m1sk-3\"><div class=\"x-text-content\"><div class=\"x-text-content-text\"><h2 class=\"x-text-content-text-primary\">Nytt varuhus f\u00f6r IKEA i Vestby<\/h2>\n<\/div><\/div><\/div><div class=\"x-text x-content e2324-e8 m1sk-c\">Straye St\u00e5lbygg har p\u00e5b\u00f6rjat byggandet av ett nytt varuhus f\u00f6r IKEA i Vestby och varuhuset ber\u00e4knas st\u00e5 klart 2024....<\/div><\/article><\/a><a class=\"x-col e2324-e3 m1sk-6 m1sk-1 m1sk-2\" href=\"https:\/\/straye.no\/sv\/aktuelt\/160-miljovennlige-leiligheter-i-massivtre\/\" data-x-effect-provider=\"colors particles effects\" data-x-effect=\"{&quot;durationBase&quot;:&quot;400ms&quot;}\"><figure class=\"x-div e2324-e4 m1sk-7 m1sk-8\"><span class=\"x-image e2324-e5 m1sk-a\"><img decoding=\"async\" src=\"https:\/\/straye.no\/wp-content\/uploads\/2023\/08\/Forside_test_gruppen-scaled.jpg\" width=\"1280\" height=\"451\" alt=\"Featured image for \u201c160 milj\u00f8vennlige leiligheter i massivtre\u201d\" loading=\"lazy\"><\/span><\/figure><article class=\"x-div e2324-e6 m1sk-8 m1sk-9\"><div class=\"x-text x-text-headline e2324-e7 m1sk-b m1sk-1 m1sk-3\"><div class=\"x-text-content\"><div class=\"x-text-content-text\"><h2 class=\"x-text-content-text-primary\">160 milj\u00f6v\u00e4nliga l\u00e4genheter i massivt tr\u00e4<\/h2>\n<\/div><\/div><\/div><div class=\"x-text x-content e2324-e8 m1sk-c\">P\u00e5 Bryn i Oslo v\u00e4xer ett nytt och milj\u00f6v\u00e4nligt bostadsprojekt i massivt tr\u00e4 fram. Straye Trebygg \u00e4r en stolt leverant\u00f6r av...<\/div><\/article><\/a><a class=\"x-col e2324-e3 m1sk-6 m1sk-1 m1sk-2\" href=\"https:\/\/straye.no\/sv\/aktuelt\/norwegian_steam\/\" data-x-effect-provider=\"colors particles effects\" data-x-effect=\"{&quot;durationBase&quot;:&quot;400ms&quot;}\"><figure class=\"x-div e2324-e4 m1sk-7 m1sk-8\"><span class=\"x-image e2324-e5 m1sk-a\"><img decoding=\"async\" src=\"https:\/\/straye.no\/wp-content\/uploads\/2023\/08\/NorwegianSteam2-980x654-1.jpg\" width=\"490\" height=\"327\" alt=\"Featured image for \u201cNorwegian Steam \u2013 Team Straye, en seilb\u00e5t med mye historie i seilene.\u201d\" loading=\"lazy\"><\/span><\/figure><article class=\"x-div e2324-e6 m1sk-8 m1sk-9\"><div class=\"x-text x-text-headline e2324-e7 m1sk-b m1sk-1 m1sk-3\"><div class=\"x-text-content\"><div class=\"x-text-content-text\"><h2 class=\"x-text-content-text-primary\">Norwegian Steam - Team Straye, en segelb\u00e5t med mycket historia i sina segel.<\/h2>\n<\/div><\/div><\/div><div class=\"x-text x-content e2324-e8 m1sk-c\">Straye Gruppen \u00e4r en stolt sponsor av Norwegian Steam i Fredrikstad. Utan mycket tr\u00e4ning tillsammans och en obekant b\u00e5t,...<\/div><\/article><\/a><a class=\"x-col e2324-e3 m1sk-6 m1sk-1 m1sk-2\" href=\"https:\/\/straye.no\/sv\/aktuelt\/schibsted-vestby\/\" data-x-effect-provider=\"colors particles effects\" data-x-effect=\"{&quot;durationBase&quot;:&quot;400ms&quot;}\"><figure class=\"x-div e2324-e4 m1sk-7 m1sk-8\"><span class=\"x-image e2324-e5 m1sk-a\"><img decoding=\"async\" src=\"https:\/\/straye.no\/wp-content\/uploads\/2023\/08\/schibsted.jpg\" width=\"540\" height=\"337\" alt=\"Featured image for \u201cSchibsted Vestby\u201d\" loading=\"lazy\"><\/span><\/figure><article class=\"x-div e2324-e6 m1sk-8 m1sk-9\"><div class=\"x-text x-text-headline e2324-e7 m1sk-b m1sk-1 m1sk-3\"><div class=\"x-text-content\"><div class=\"x-text-content-text\"><h2 class=\"x-text-content-text-primary\">Schibsted Vestby<\/h2>\n<\/div><\/div><\/div><div class=\"x-text x-content e2324-e8 m1sk-c\">&nbsp; Vestby f\u00f6retagspark 150.000 m\u00b2 - Schibsted forts\u00e4tter att investera i tidningar och flyttar sitt tryckeri fr\u00e5n Nydalen till Vestby f\u00f6retagspark...<\/div><\/article><\/a><a class=\"x-col e2324-e3 m1sk-6 m1sk-1 m1sk-2\" href=\"https:\/\/straye.no\/sv\/aktuelt\/unil-as\/\" data-x-effect-provider=\"colors particles effects\" data-x-effect=\"{&quot;durationBase&quot;:&quot;400ms&quot;}\"><figure class=\"x-div e2324-e4 m1sk-7 m1sk-8\"><span class=\"x-image e2324-e5 m1sk-a\"><img decoding=\"async\" src=\"https:\/\/straye.no\/wp-content\/uploads\/2023\/08\/Unil.jpg\" width=\"540\" height=\"337\" alt=\"Featured image for \u201cUNIL AS\u201d\" loading=\"lazy\"><\/span><\/figure><article class=\"x-div e2324-e6 m1sk-8 m1sk-9\"><div class=\"x-text x-text-headline e2324-e7 m1sk-b m1sk-1 m1sk-3\"><div class=\"x-text-content\"><div class=\"x-text-content-text\"><h2 class=\"x-text-content-text-primary\">UNIL AS<\/h2>\n<\/div><\/div><\/div><div class=\"x-text x-content e2324-e8 m1sk-c\">Norgesgruppens logistikbolag UNIL uppgraderar sitt lager i V\u00e5ler fr\u00e5n 22.000 m\u00b2 till totalt 35-37.000 m\u00b2.  Byggnaden har en totalh\u00f6jd p\u00e5 \u00f6ver...<\/div><\/article><\/a><a class=\"x-col e2324-e3 m1sk-6 m1sk-1 m1sk-2\" href=\"https:\/\/straye.no\/sv\/aktuelt\/norges-forste-komersielle-batterifabrikk-i-arendal\/\" data-x-effect-provider=\"colors particles effects\" data-x-effect=\"{&quot;durationBase&quot;:&quot;400ms&quot;}\"><figure class=\"x-div e2324-e4 m1sk-7 m1sk-8\"><span class=\"x-image e2324-e5 m1sk-a\"><img decoding=\"async\" src=\"https:\/\/straye.no\/wp-content\/uploads\/2023\/08\/stalbygg2.jpg\" width=\"490\" height=\"239\" alt=\"Featured image for \u201cNorges f\u00f8rste kommersielle batterifabrikk i Arendal\u201d\" loading=\"lazy\"><\/span><\/figure><article class=\"x-div e2324-e6 m1sk-8 m1sk-9\"><div class=\"x-text x-text-headline e2324-e7 m1sk-b m1sk-1 m1sk-3\"><div class=\"x-text-content\"><div class=\"x-text-content-text\"><h2 class=\"x-text-content-text-primary\">Norges f\u00f6rsta kommersiella batterifabrik i Arendal<\/h2>\n<\/div><\/div><\/div><div class=\"x-text x-content e2324-e8 m1sk-c\">Straye st\u00e5lbygg har under det nya \u00e5ret b\u00f6rjat bygga produktionslokalerna f\u00f6r en av Norges f\u00f6rsta kommersiella battericellsfabriker - i Arendal. Det \u00e4r Siva...<\/div><\/article><\/a><a class=\"x-col e2324-e3 m1sk-6 m1sk-1 m1sk-2\" href=\"https:\/\/straye.no\/sv\/aktuelt\/nexans-high-voltage-et-nytt-naeringsbygg-i-halden\/\" data-x-effect-provider=\"colors particles effects\" data-x-effect=\"{&quot;durationBase&quot;:&quot;400ms&quot;}\"><figure class=\"x-div e2324-e4 m1sk-7 m1sk-8\"><span class=\"x-image e2324-e5 m1sk-a\"><img decoding=\"async\" src=\"https:\/\/straye.no\/wp-content\/uploads\/2023\/08\/Nexans_StrayeStalbygg-1080x675-1.jpg\" width=\"540\" height=\"337\" alt=\"Featured image for \u201cNexans High Voltage \u2013 et nytt n\u00e6ringsbygg i Halden\u201d\" loading=\"lazy\"><\/span><\/figure><article class=\"x-div e2324-e6 m1sk-8 m1sk-9\"><div class=\"x-text x-text-headline e2324-e7 m1sk-b m1sk-1 m1sk-3\"><div class=\"x-text-content\"><div class=\"x-text-content-text\"><h2 class=\"x-text-content-text-primary\">Nexans High Voltage - en ny kommersiell byggnad i Halden<\/h2>\n<\/div><\/div><\/div><div class=\"x-text x-content e2324-e8 m1sk-c\">Straye St\u00e5lbygg har levererat st\u00e5l, perforerad pl\u00e5t, tak och fasader till v\u00e5r huvudentrepren\u00f6r Peab AS i detta projekt. Projektet hade en start...<\/div><\/article><\/a><a class=\"x-col e2324-e3 m1sk-6 m1sk-1 m1sk-2\" href=\"https:\/\/straye.no\/sv\/aktuelt\/stolt-sponsor-av-team-dennis-hauger\/\" data-x-effect-provider=\"colors particles effects\" data-x-effect=\"{&quot;durationBase&quot;:&quot;400ms&quot;}\"><figure class=\"x-div e2324-e4 m1sk-7 m1sk-8\"><span class=\"x-image e2324-e5 m1sk-a\"><img decoding=\"async\" src=\"https:\/\/straye.no\/wp-content\/uploads\/2023\/06\/DennisHauger_front.jpg\" width=\"1000\" height=\"407\" alt=\"Featured image for \u201cStolt sponsor av Team Dennis Hauger\u201d\" loading=\"lazy\"><\/span><\/figure><article class=\"x-div e2324-e6 m1sk-8 m1sk-9\"><div class=\"x-text x-text-headline e2324-e7 m1sk-b m1sk-1 m1sk-3\"><div class=\"x-text-content\"><div class=\"x-text-content-text\"><h2 class=\"x-text-content-text-primary\">Stolt sponsor av Team Dennis Hauger<\/h2>\n<\/div><\/div><\/div><div class=\"x-text x-content e2324-e8 m1sk-c\">Vad kr\u00e4vs f\u00f6r att vinna? Fokus, viljestyrka, tr\u00e4ning, en snabb bil - tur? Hur \u00e4r det med laget? Teamet kan vara...<\/div><\/article><\/a><a class=\"x-col e2324-e3 m1sk-6 m1sk-1 m1sk-2\" href=\"https:\/\/straye.no\/sv\/aktuelt\/volvomaskin\/\" data-x-effect-provider=\"colors particles effects\" data-x-effect=\"{&quot;durationBase&quot;:&quot;400ms&quot;}\"><figure class=\"x-div e2324-e4 m1sk-7 m1sk-8\"><span class=\"x-image e2324-e5 m1sk-a\"><img decoding=\"async\" src=\"https:\/\/straye.no\/wp-content\/uploads\/2023\/08\/volvo_maskin.jpg\" width=\"540\" height=\"307\" alt=\"Featured image for \u201cNytt hovedkontor for Volvo Maskin\u201d\" loading=\"lazy\"><\/span><\/figure><article class=\"x-div e2324-e6 m1sk-8 m1sk-9\"><div class=\"x-text x-text-headline e2324-e7 m1sk-b m1sk-1 m1sk-3\"><div class=\"x-text-content\"><div class=\"x-text-content-text\"><h2 class=\"x-text-content-text-primary\">Nytt huvudkontor f\u00f6r Volvo Machines<\/h2>\n<\/div><\/div><\/div><div class=\"x-text x-content e2324-e8 m1sk-c\">11.800 m\u00b2 med showroom, klassrum, testomr\u00e5de, verkstad, reservdelslager och kontor. Straye har ett omfattande byggkontrakt f\u00f6r A Bygg avseende det nya huvudkontoret f\u00f6r...<\/div><\/article><\/a><\/div><\/div><\/div><\/div>","protected":false},"excerpt":{"rendered":"<p>Megaflis-varuhus i Trondheim Vi \u00e4r stolta \u00f6ver att ha signerat kontrakt som underentrepren\u00f6r f\u00f6r Megaflis nya varuhus p\u00e5 Sandmoen i Trondheim.Byggherre: RELOG... Straye \u2013 stolt huvudsponsor f\u00f6r Adrian Monkvik Straye \u00e4r stolta \u00f6ver att ha blivit huvudsponsor f\u00f6r Adrian Monkvik \u2013 en framg\u00e5ngsrik 17-\u00e5ring fr\u00e5n Fredrikstad. Adrian satsar m\u00e5lmedvetet... Vi s\u00f6ker duktiga takl\u00e4ggare \u2013 Trondheim och resten av Norge Tj\u00e4nster lediga\u2026 <\/p>\n<div><a href=\"https:\/\/straye.no\/sv\/feed-sharepoint\/\" class=\"more-link\">L\u00e4s mer om<\/a><\/div>","protected":false},"author":1,"featured_media":0,"parent":0,"menu_order":0,"comment_status":"closed","ping_status":"closed","template":"template-blank-6.php","meta":{"_acf_changed":false,"inline_featured_image":false,"footnotes":""},"tags":[],"firmaer":[],"class_list":["post-2324","page","type-page","status-publish","hentry","no-post-thumbnail"],"acf":[],"yoast_head":"<!-- This site is optimized with the Yoast SEO plugin v27.5 - https:\/\/yoast.com\/product\/yoast-seo-wordpress\/ -->\n<title>Feed - Straye<\/title>\n<meta name=\"robots\" content=\"noindex, follow\" \/>\n<meta property=\"og:locale\" content=\"sv_SE\" \/>\n<meta property=\"og:type\" content=\"article\" \/>\n<meta property=\"og:title\" content=\"Feed - Straye\" \/>\n<meta property=\"og:description\" content=\"Megaflis-varehus i Trondheim Vi er stolte av \u00e5 ha signert kontrakt som underentrepren\u00f8r p\u00e5 Megaflis sitt nye varehus p\u00e5 Sandmoen i Trondheim.Byggherre: RELOG\u00a0\u2026Straye \u2013 stolt hovedsponsor for Adrian Monkvik Straye er stolte over \u00e5 ha blitt hovedsponsor for Adrian Monkvik \u2013 en fremadstormende 17-\u00e5ring fra Fredrikstad. Adrian satser m\u00e5lrettet\u2026Vi s\u00f8ker dyktige taktekkere \u2013 Trondheim og resten av Norge Stillinger ledig ... Read More\" \/>\n<meta property=\"og:url\" content=\"https:\/\/straye.no\/sv\/feed-sharepoint\/\" \/>\n<meta property=\"og:site_name\" content=\"Straye\" \/>\n<meta property=\"article:modified_time\" content=\"2025-05-07T09:01:59+00:00\" \/>\n<meta name=\"twitter:card\" content=\"summary_large_image\" \/>\n<meta name=\"twitter:label1\" content=\"Ber\u00e4knad l\u00e4stid\" \/>\n\t<meta name=\"twitter:data1\" content=\"1 minut\" \/>\n<script type=\"application\/ld+json\" class=\"yoast-schema-graph\">{\"@context\":\"https:\\\/\\\/schema.org\",\"@graph\":[{\"@type\":\"WebPage\",\"@id\":\"https:\\\/\\\/straye.no\\\/feed-sharepoint\\\/\",\"url\":\"https:\\\/\\\/straye.no\\\/feed-sharepoint\\\/\",\"name\":\"Feed - Straye\",\"isPartOf\":{\"@id\":\"https:\\\/\\\/straye.no\\\/#website\"},\"datePublished\":\"2025-02-19T09:27:25+00:00\",\"dateModified\":\"2025-05-07T09:01:59+00:00\",\"breadcrumb\":{\"@id\":\"https:\\\/\\\/straye.no\\\/feed-sharepoint\\\/#breadcrumb\"},\"inLanguage\":\"sv-SE\",\"potentialAction\":[{\"@type\":\"ReadAction\",\"target\":[\"https:\\\/\\\/straye.no\\\/feed-sharepoint\\\/\"]}]},{\"@type\":\"BreadcrumbList\",\"@id\":\"https:\\\/\\\/straye.no\\\/feed-sharepoint\\\/#breadcrumb\",\"itemListElement\":[{\"@type\":\"ListItem\",\"position\":1,\"name\":\"Hjem\",\"item\":\"https:\\\/\\\/straye.no\\\/\"},{\"@type\":\"ListItem\",\"position\":2,\"name\":\"Feed\"}]},{\"@type\":\"WebSite\",\"@id\":\"https:\\\/\\\/straye.no\\\/#website\",\"url\":\"https:\\\/\\\/straye.no\\\/\",\"name\":\"Straye Gruppen AS\",\"description\":\"Straye\",\"potentialAction\":[{\"@type\":\"SearchAction\",\"target\":{\"@type\":\"EntryPoint\",\"urlTemplate\":\"https:\\\/\\\/straye.no\\\/?s={search_term_string}\"},\"query-input\":{\"@type\":\"PropertyValueSpecification\",\"valueRequired\":true,\"valueName\":\"search_term_string\"}}],\"inLanguage\":\"sv-SE\"}]}<\/script>\n<!-- \/ Yoast SEO plugin. -->","yoast_head_json":{"title":"Feed - Straye","robots":{"index":"noindex","follow":"follow"},"og_locale":"sv_SE","og_type":"article","og_title":"Feed - Straye","og_description":"Megaflis-varehus i Trondheim Vi er stolte av \u00e5 ha signert kontrakt som underentrepren\u00f8r p\u00e5 Megaflis sitt nye varehus p\u00e5 Sandmoen i Trondheim.Byggherre: RELOG\u00a0\u2026Straye \u2013 stolt hovedsponsor for Adrian Monkvik Straye er stolte over \u00e5 ha blitt hovedsponsor for Adrian Monkvik \u2013 en fremadstormende 17-\u00e5ring fra Fredrikstad. Adrian satser m\u00e5lrettet\u2026Vi s\u00f8ker dyktige taktekkere \u2013 Trondheim og resten av Norge Stillinger ledig ... Read More","og_url":"https:\/\/straye.no\/sv\/feed-sharepoint\/","og_site_name":"Straye","article_modified_time":"2025-05-07T09:01:59+00:00","twitter_card":"summary_large_image","twitter_misc":{"Ber\u00e4knad l\u00e4stid":"1 minut"},"schema":{"@context":"https:\/\/schema.org","@graph":[{"@type":"WebPage","@id":"https:\/\/straye.no\/feed-sharepoint\/","url":"https:\/\/straye.no\/feed-sharepoint\/","name":"Feed - Straye","isPartOf":{"@id":"https:\/\/straye.no\/#website"},"datePublished":"2025-02-19T09:27:25+00:00","dateModified":"2025-05-07T09:01:59+00:00","breadcrumb":{"@id":"https:\/\/straye.no\/feed-sharepoint\/#breadcrumb"},"inLanguage":"sv-SE","potentialAction":[{"@type":"ReadAction","target":["https:\/\/straye.no\/feed-sharepoint\/"]}]},{"@type":"BreadcrumbList","@id":"https:\/\/straye.no\/feed-sharepoint\/#breadcrumb","itemListElement":[{"@type":"ListItem","position":1,"name":"Hjem","item":"https:\/\/straye.no\/"},{"@type":"ListItem","position":2,"name":"Feed"}]},{"@type":"WebSite","@id":"https:\/\/straye.no\/#website","url":"https:\/\/straye.no\/","name":"Straye Group AS","description":"Straye","potentialAction":[{"@type":"SearchAction","target":{"@type":"EntryPoint","urlTemplate":"https:\/\/straye.no\/?s={search_term_string}"},"query-input":{"@type":"PropertyValueSpecification","valueRequired":true,"valueName":"search_term_string"}}],"inLanguage":"sv-SE"}]}},"_links":{"self":[{"href":"https:\/\/straye.no\/sv\/wp-json\/wp\/v2\/pages\/2324","targetHints":{"allow":["GET"]}}],"collection":[{"href":"https:\/\/straye.no\/sv\/wp-json\/wp\/v2\/pages"}],"about":[{"href":"https:\/\/straye.no\/sv\/wp-json\/wp\/v2\/types\/page"}],"author":[{"embeddable":true,"href":"https:\/\/straye.no\/sv\/wp-json\/wp\/v2\/users\/1"}],"replies":[{"embeddable":true,"href":"https:\/\/straye.no\/sv\/wp-json\/wp\/v2\/comments?post=2324"}],"version-history":[{"count":6,"href":"https:\/\/straye.no\/sv\/wp-json\/wp\/v2\/pages\/2324\/revisions"}],"predecessor-version":[{"id":2343,"href":"https:\/\/straye.no\/sv\/wp-json\/wp\/v2\/pages\/2324\/revisions\/2343"}],"wp:attachment":[{"href":"https:\/\/straye.no\/sv\/wp-json\/wp\/v2\/media?parent=2324"}],"wp:term":[{"taxonomy":"post_tag","embeddable":true,"href":"https:\/\/straye.no\/sv\/wp-json\/wp\/v2\/tags?post=2324"},{"taxonomy":"firmaer","embeddable":true,"href":"https:\/\/straye.no\/sv\/wp-json\/wp\/v2\/firmaer?post=2324"}],"curies":[{"name":"wp","href":"https:\/\/api.w.org\/{rel}","templated":true}]}}