{"id":1927,"date":"2024-06-06T09:36:59","date_gmt":"2024-06-06T09:36:59","guid":{"rendered":"https:\/\/straye.no\/?page_id=1927"},"modified":"2024-06-06T10:08:37","modified_gmt":"2024-06-06T10:08:37","slug":"baerekraft","status":"publish","type":"page","link":"https:\/\/straye.no\/sv\/tak\/baerekraft\/","title":{"rendered":"H\u00e5llbarhet"},"content":{"rendered":"<div id=\"cs-content\" class=\"cs-content\"><div class=\"x-section e1927-e1 m1hj-0\"><div class=\"x-row x-container max width e1927-e2 m1hj-2 m1hj-3 m1hj-4 m1hj-5 m1hj-6 m1hj-7 m1hj-d m1hj-e\"><div class=\"x-row-inner\"><div class=\"x-col e1927-e3 m1hj-k m1hj-l m1hj-m m1hj-n m1hj-o\"><div class=\"x-text x-content e1927-e4 m1hj-y m1hj-z m1hj-10 m1hj-11 m1hj-12 m1hj-13\"><span style=\"color: #2f5549;\">Milj\u00f6 &amp; h\u00e5llbarhet<\/span><\/div><div class=\"x-text x-content e1927-e5 m1hj-z m1hj-10 m1hj-12 m1hj-13 m1hj-14 m1hj-15 m1hj-16 m1hj-17 m1hj-18\"><p class=\"p2\">SYFTE OCH BAKGRUND<\/p><\/div><div class=\"x-text x-content e1927-e6 m1hj-z m1hj-10 m1hj-12 m1hj-14 m1hj-15 m1hj-17 m1hj-19\"><p class=\"p4\">Vi \u00e4r stolta \u00f6ver att vara certifierade som <strong>Milj\u00f6m\u00e4ssig fyrtorn<\/strong> och inser vikten av att integrera klimat- och milj\u00f6h\u00e4nsyn i v\u00e5ra aktiviteter och projekt. I linje med de nya regel\u00e4ndringarna som kr\u00e4ver att klimat- och milj\u00f6h\u00e4nsyn v\u00e4gs in i offentlig upphandling arbetar vi aktivt f\u00f6r att uppfylla dessa krav f\u00f6r att fr\u00e4mja <strong>h\u00e5llbara l\u00f6sningar<\/strong>.<\/p>\n<p class=\"p4\">V\u00e5rt \u00f6vergripande m\u00e5l \u00e4r att minska klimatavtrycket och milj\u00f6p\u00e5verkan fr\u00e5n v\u00e5r verksamhet. Dessa m\u00e5l \u00e4r integrerade i v\u00e5r \u00f6vergripande <strong>milj\u00f6strategi<\/strong>st\u00f6ds av v\u00e5rt Eco-Lighthouse-certifikat.<\/p><\/div><\/div><div class=\"x-col e1927-e7 m1hj-k m1hj-m m1hj-n m1hj-o m1hj-p m1hj-q\"><div class=\"x-text x-content e1927-e8 m1hj-z m1hj-10 m1hj-12 m1hj-13 m1hj-14 m1hj-17 m1hj-18 m1hj-1a\"><p class=\"p2\">V\u00c5RT MILJ\u00d6ARBETE<\/p><\/div><\/div><\/div><\/div><div class=\"x-row e1927-e9 m1hj-4 m1hj-6 m1hj-7 m1hj-8 m1hj-9 m1hj-d m1hj-f\"><div class=\"x-bg\" aria-hidden=\"true\"><div class=\"x-bg-layer-lower-image\"><\/div><\/div><div class=\"x-row-inner\"><div class=\"x-col e1927-e10 m1hj-k m1hj-r m1hj-s\"><\/div><\/div><\/div><div class=\"x-row x-container max width e1927-e11 m1hj-2 m1hj-3 m1hj-4 m1hj-5 m1hj-6 m1hj-7 m1hj-d m1hj-g\"><div class=\"x-row-inner\"><div class=\"x-col e1927-e12 m1hj-k m1hj-s\"><div class=\"x-row e1927-e13 m1hj-4 m1hj-5 m1hj-8 m1hj-a m1hj-b m1hj-h m1hj-i benefits-row\"><div class=\"x-row-inner\"><a class=\"x-col e1927-e14 m1hj-k m1hj-t m1hj-u m1hj-v m1hj-1\" href=\"https:\/\/www.miljofyrtarn.no\/virksomhet\/om-oss\/dette-er-miljofyrtarn\/\" target=\"_blank\" rel=\"noopener noreferrer\" data-x-effect=\"{&quot;durationBase&quot;:&quot;300ms&quot;}\"><span class=\"x-image e1927-e15 m1hj-1i ikon_hoydepunkt\"><img decoding=\"async\" src=\"https:\/\/straye.no\/wp-content\/uploads\/2024\/04\/MIljoFyr.svg\" width=\"0\" height=\"0\" alt=\"Image\" loading=\"lazy\"><\/span><div class=\"x-div e1927-e16 m1hj-1j m1hj-1k\"><div class=\"x-text x-content e1927-e17 m1hj-z m1hj-10 m1hj-11 m1hj-1b m1hj-1c m1hj-1d\">Milj\u00f6fyrtorns certifiering<\/div><div class=\"x-text x-content e1927-e18 m1hj-10 m1hj-17 m1hj-1d m1hj-1e\"><p class=\"p2\">Milj\u00f6fyrtorns certifiering hj\u00e4lper oss att systematiskt identifiera och genomf\u00f6ra \u00e5tg\u00e4rder som minskar v\u00e5r milj\u00f6p\u00e5verkan och fr\u00e4mjar mer ansvarsfulla aff\u00e4rsmetoder.<\/p>\n<p><span style=\"text-decoration: underline;\">L\u00e4s mer p\u00e5 engelska<\/span><\/p><\/div><\/div><\/a><a class=\"x-col e1927-e19 m1hj-k m1hj-q m1hj-t m1hj-v m1hj-1\" href=\"https:\/\/straye.no\/sv\/hybridbygg\/\" data-x-effect=\"{&quot;durationBase&quot;:&quot;300ms&quot;}\"><span class=\"x-image e1927-e20 m1hj-1i ikon_hoydepunkt\"><img decoding=\"async\" src=\"https:\/\/straye.no\/wp-content\/uploads\/2024\/04\/HybideBygg.svg\" width=\"0\" height=\"0\" alt=\"Image\" loading=\"lazy\"><\/span><div class=\"x-div e1927-e21 m1hj-1j\"><div class=\"x-text x-content e1927-e22 m1hj-z m1hj-10 m1hj-11 m1hj-1c m1hj-1d m1hj-1f\">Gr\u00f6na tak<\/div><div class=\"x-text x-content e1927-e23 m1hj-10 m1hj-17 m1hj-1d m1hj-1e\"><p class=\"p2\">Sedum - Vi erbjuder \u00e4ven Sedumtak, som ger b\u00e5de estetiska och praktiska f\u00f6rdelar genom att f\u00f6rb\u00e4ttra dagvattenhanteringen och fr\u00e4mja den biologiska m\u00e5ngfalden p\u00e5 de tak vi arbetar med.<\/p>\n<p class=\"p2\">Noxite - Vi erbjuder \u00e4ven ekotaket Noxite, som finns som b\u00e5de ett- och tv\u00e5lagers asfaltstak f\u00f6r platta tak, som anv\u00e4nder solljus f\u00f6r att omvandla skadliga NOx-gaser till ofarliga nitrater och d\u00e4rmed bidrar till renare luft under takets hela livsl\u00e4ngd.<\/p>\n<p class=\"p2\">Solar - Vi erbjuder tak som \u00e4r speciellt f\u00f6rberedda f\u00f6r enkel installation av solpaneler, vilket g\u00f6r att v\u00e5ra kunder kan dra nytta av h\u00e5llbar energiproduktion och minska beroendet av konventionella energik\u00e4llor.<\/p>\n<p><span style=\"text-decoration: underline;\">L\u00e4s mer p\u00e5 engelska<\/span><\/p><\/div><\/div><\/a><\/div><\/div><\/div><div class=\"x-col e1927-e24 m1hj-k m1hj-m m1hj-q m1hj-w\"><div class=\"x-row e1927-e25 m1hj-3 m1hj-4 m1hj-5 m1hj-6 m1hj-8 m1hj-a m1hj-c m1hj-h m1hj-j benefits-row\"><div class=\"x-row-inner\"><a class=\"x-col e1927-e26 m1hj-k m1hj-n m1hj-t m1hj-u m1hj-1\" href=\"https:\/\/straye.no\/wp-content\/uploads\/2023\/09\/Straye-Gruppen-Apenhetsloven-2023.pdf\" data-x-effect=\"{&quot;durationBase&quot;:&quot;300ms&quot;}\"><span class=\"x-image e1927-e27 m1hj-1i ikon_hoydepunkt\"><img decoding=\"async\" src=\"https:\/\/straye.no\/wp-content\/uploads\/2024\/04\/Apenhetsloven-2.svg\" width=\"0\" height=\"0\" alt=\"Image\" loading=\"lazy\"><\/span><div class=\"x-div e1927-e28 m1hj-1j\"><div class=\"x-text x-content e1927-e29 m1hj-z m1hj-10 m1hj-11 m1hj-1c m1hj-1d m1hj-1g\">Lagen om insyn<\/div><div class=\"x-text x-content e1927-e30 m1hj-10 m1hj-17 m1hj-1d m1hj-1e\"><p class=\"p6\">Vi har inf\u00f6rt policyer och rutiner f\u00f6r att hantera faktisk och potentiell negativ p\u00e5verkan p\u00e5 grundl\u00e4ggande m\u00e4nskliga r\u00e4ttigheter och anst\u00e4ndiga arbetsvillkor. Genom v\u00e5r due diligence har vi inte identifierat n\u00e5gon negativ p\u00e5verkan i v\u00e5r verksamhet.<\/p>\n<p><span style=\"text-decoration: underline;\">L\u00e4s mer p\u00e5 engelska<\/span><\/p><\/div><\/div><\/a><a class=\"x-col e1927-e31 m1hj-k m1hj-n m1hj-t m1hj-u m1hj-1\" href=\"https:\/\/byggalliansen.no\/sertifisering\/om-breeam\/\" target=\"_blank\" rel=\"noopener noreferrer\" data-x-effect=\"{&quot;durationBase&quot;:&quot;300ms&quot;}\"><span class=\"x-image e1927-e32 m1hj-1i ikon_hoydepunkt\"><img decoding=\"async\" src=\"https:\/\/straye.no\/wp-content\/uploads\/2024\/05\/Breem_2.svg\" width=\"0\" height=\"0\" alt=\"Image\" loading=\"lazy\"><\/span><div class=\"x-div e1927-e33 m1hj-1j\"><div class=\"x-text x-content e1927-e34 m1hj-z m1hj-10 m1hj-11 m1hj-1c m1hj-1d m1hj-1g m1hj-1h\">Breeam<\/div><div class=\"x-text x-content e1927-e35 m1hj-10 m1hj-17 m1hj-1d m1hj-1e\"><p class=\"p2\">V\u00e5ra projektledare har gedigen kompetens och erfarenhet av att genomf\u00f6ra BREEAM-projekt och s\u00e4kerst\u00e4ller h\u00f6g kvalitet och milj\u00f6m\u00e4ssig h\u00e5llbarhet genom hela processen.<\/p>\n<p><span style=\"text-decoration: underline;\">L\u00e4s mer p\u00e5 engelska<\/span><\/p><\/div><\/div><\/a><\/div><\/div><\/div><a class=\"x-col e1927-e36 m1hj-k m1hj-m m1hj-x\" href=\"https:\/\/straye.no\/sv\/hybridbygg\/\"><div class=\"x-bg\"><div class=\"x-bg-layer-lower-img\"><img decoding=\"async\" src=\"https:\/\/straye.no\/wp-content\/uploads\/2024\/09\/StrayeTak_web-c.svg\" alt=\"Image\" loading=\"lazy\"\/><\/div><\/div><\/a><\/div><\/div><\/div><\/div>","protected":false},"excerpt":{"rendered":"<p>Milj\u00f6 &amp; H\u00e5llbarhet SYFTE OCH BAKGRUNDVi \u00e4r stolta \u00f6ver att vara certifierade som en Eco-Lighthouse och inser vikten av att integrera klimat- och milj\u00f6h\u00e4nsyn i v\u00e5ra aktiviteter och projekt. I linje med den nya lag\u00e4ndringen som kr\u00e4ver att klimat- och milj\u00f6h\u00e4nsyn ska v\u00e4gas in i offentliga upphandlingar arbetar vi aktivt f\u00f6r att uppfylla dessa krav och fr\u00e4mja h\u00e5llbara l\u00f6sningar. V\u00e5ra \u00f6vergripande m\u00e5l \u00e4r... <\/p>\n<div><a href=\"https:\/\/straye.no\/sv\/tak\/baerekraft\/\" class=\"more-link\">L\u00e4s mer om<\/a><\/div>","protected":false},"author":2,"featured_media":1887,"parent":1255,"menu_order":3,"comment_status":"closed","ping_status":"closed","template":"template-blank-4.php","meta":{"_acf_changed":false,"inline_featured_image":false,"footnotes":""},"tags":[],"firmaer":[12],"class_list":["post-1927","page","type-page","status-publish","has-post-thumbnail","hentry","firmaer-tak"],"acf":[],"yoast_head":"<!-- This site is optimized with the Yoast SEO plugin v27.4 - https:\/\/yoast.com\/product\/yoast-seo-wordpress\/ -->\n<title>B\u00e6rekraft - Straye<\/title>\n<meta name=\"description\" content=\"Vi er stolte av \u00e5 v\u00e6re sertifisert som Milj\u00f8fyrt\u00e5rn og erkjenner betydningen av \u00e5 integrere klima- og milj\u00f8hensyn i v\u00e5re prosjekter.\" \/>\n<meta name=\"robots\" content=\"index, follow, max-snippet:-1, max-image-preview:large, max-video-preview:-1\" \/>\n<link rel=\"canonical\" href=\"https:\/\/straye.no\/sv\/tak\/baerekraft\/\" \/>\n<meta property=\"og:locale\" content=\"sv_SE\" \/>\n<meta property=\"og:type\" content=\"article\" \/>\n<meta property=\"og:title\" content=\"Straye Hybridbygg \u2013 Milj\u00f8 og b\u00e6rekraft\" \/>\n<meta property=\"og:description\" content=\"Vi er stolte av \u00e5 v\u00e6re sertifisert som Milj\u00f8fyrt\u00e5rn og erkjenner betydningen av \u00e5 integrere klima- og milj\u00f8hensyn i v\u00e5re aktiviteter og prosjekter. I tr\u00e5d med den nye forskriftsendringen som krever vekting av klima- og milj\u00f8hensyn i offentlige anskaffelser, jobber vi aktivt med \u00e5 oppfylle disse kravene for \u00e5 fremme b\u00e6rekraftige l\u00f8sninger.\" \/>\n<meta property=\"og:url\" content=\"https:\/\/straye.no\/sv\/tak\/baerekraft\/\" \/>\n<meta property=\"og:site_name\" content=\"Straye\" \/>\n<meta property=\"article:modified_time\" content=\"2024-06-06T10:08:37+00:00\" \/>\n<meta property=\"og:image\" content=\"https:\/\/straye.no\/wp-content\/uploads\/2024\/04\/Barekraft_Straye.jpg\" \/>\n\t<meta property=\"og:image:width\" content=\"2400\" \/>\n\t<meta property=\"og:image:height\" content=\"577\" \/>\n\t<meta property=\"og:image:type\" content=\"image\/jpeg\" \/>\n<meta name=\"twitter:card\" content=\"summary_large_image\" \/>\n<meta name=\"twitter:label1\" content=\"Ber\u00e4knad l\u00e4stid\" \/>\n\t<meta name=\"twitter:data1\" content=\"2 minuter\" \/>\n<script type=\"application\/ld+json\" class=\"yoast-schema-graph\">{\"@context\":\"https:\\\/\\\/schema.org\",\"@graph\":[{\"@type\":\"WebPage\",\"@id\":\"https:\\\/\\\/straye.no\\\/tak\\\/baerekraft\\\/\",\"url\":\"https:\\\/\\\/straye.no\\\/tak\\\/baerekraft\\\/\",\"name\":\"B\u00e6rekraft - Straye\",\"isPartOf\":{\"@id\":\"https:\\\/\\\/straye.no\\\/#website\"},\"primaryImageOfPage\":{\"@id\":\"https:\\\/\\\/straye.no\\\/tak\\\/baerekraft\\\/#primaryimage\"},\"image\":{\"@id\":\"https:\\\/\\\/straye.no\\\/tak\\\/baerekraft\\\/#primaryimage\"},\"thumbnailUrl\":\"https:\\\/\\\/straye.no\\\/wp-content\\\/uploads\\\/2024\\\/05\\\/Barekraft_miljo_Straye.jpg\",\"datePublished\":\"2024-06-06T09:36:59+00:00\",\"dateModified\":\"2024-06-06T10:08:37+00:00\",\"description\":\"Vi er stolte av \u00e5 v\u00e6re sertifisert som Milj\u00f8fyrt\u00e5rn og erkjenner betydningen av \u00e5 integrere klima- og milj\u00f8hensyn i v\u00e5re prosjekter.\",\"breadcrumb\":{\"@id\":\"https:\\\/\\\/straye.no\\\/tak\\\/baerekraft\\\/#breadcrumb\"},\"inLanguage\":\"sv-SE\",\"potentialAction\":[{\"@type\":\"ReadAction\",\"target\":[\"https:\\\/\\\/straye.no\\\/tak\\\/baerekraft\\\/\"]}]},{\"@type\":\"ImageObject\",\"inLanguage\":\"sv-SE\",\"@id\":\"https:\\\/\\\/straye.no\\\/tak\\\/baerekraft\\\/#primaryimage\",\"url\":\"https:\\\/\\\/straye.no\\\/wp-content\\\/uploads\\\/2024\\\/05\\\/Barekraft_miljo_Straye.jpg\",\"contentUrl\":\"https:\\\/\\\/straye.no\\\/wp-content\\\/uploads\\\/2024\\\/05\\\/Barekraft_miljo_Straye.jpg\",\"width\":1600,\"height\":427},{\"@type\":\"BreadcrumbList\",\"@id\":\"https:\\\/\\\/straye.no\\\/tak\\\/baerekraft\\\/#breadcrumb\",\"itemListElement\":[{\"@type\":\"ListItem\",\"position\":1,\"name\":\"Hjem\",\"item\":\"https:\\\/\\\/straye.no\\\/\"},{\"@type\":\"ListItem\",\"position\":2,\"name\":\"Tak\",\"item\":\"https:\\\/\\\/straye.no\\\/tak\\\/\"},{\"@type\":\"ListItem\",\"position\":3,\"name\":\"B\u00e6rekraft\"}]},{\"@type\":\"WebSite\",\"@id\":\"https:\\\/\\\/straye.no\\\/#website\",\"url\":\"https:\\\/\\\/straye.no\\\/\",\"name\":\"Straye Gruppen AS\",\"description\":\"Straye\",\"potentialAction\":[{\"@type\":\"SearchAction\",\"target\":{\"@type\":\"EntryPoint\",\"urlTemplate\":\"https:\\\/\\\/straye.no\\\/?s={search_term_string}\"},\"query-input\":{\"@type\":\"PropertyValueSpecification\",\"valueRequired\":true,\"valueName\":\"search_term_string\"}}],\"inLanguage\":\"sv-SE\"}]}<\/script>\n<!-- \/ Yoast SEO plugin. -->","yoast_head_json":{"title":"B\u00e6rekraft - Straye","description":"Vi er stolte av \u00e5 v\u00e6re sertifisert som Milj\u00f8fyrt\u00e5rn og erkjenner betydningen av \u00e5 integrere klima- og milj\u00f8hensyn i v\u00e5re prosjekter.","robots":{"index":"index","follow":"follow","max-snippet":"max-snippet:-1","max-image-preview":"max-image-preview:large","max-video-preview":"max-video-preview:-1"},"canonical":"https:\/\/straye.no\/sv\/tak\/baerekraft\/","og_locale":"sv_SE","og_type":"article","og_title":"Straye Hybridbygg \u2013 Milj\u00f8 og b\u00e6rekraft","og_description":"Vi er stolte av \u00e5 v\u00e6re sertifisert som Milj\u00f8fyrt\u00e5rn og erkjenner betydningen av \u00e5 integrere klima- og milj\u00f8hensyn i v\u00e5re aktiviteter og prosjekter. I tr\u00e5d med den nye forskriftsendringen som krever vekting av klima- og milj\u00f8hensyn i offentlige anskaffelser, jobber vi aktivt med \u00e5 oppfylle disse kravene for \u00e5 fremme b\u00e6rekraftige l\u00f8sninger.","og_url":"https:\/\/straye.no\/sv\/tak\/baerekraft\/","og_site_name":"Straye","article_modified_time":"2024-06-06T10:08:37+00:00","og_image":[{"width":2400,"height":577,"url":"https:\/\/straye.no\/wp-content\/uploads\/2024\/04\/Barekraft_Straye.jpg","type":"image\/jpeg"}],"twitter_card":"summary_large_image","twitter_misc":{"Ber\u00e4knad l\u00e4stid":"2 minuter"},"schema":{"@context":"https:\/\/schema.org","@graph":[{"@type":"WebPage","@id":"https:\/\/straye.no\/tak\/baerekraft\/","url":"https:\/\/straye.no\/tak\/baerekraft\/","name":"B\u00e6rekraft - Straye","isPartOf":{"@id":"https:\/\/straye.no\/#website"},"primaryImageOfPage":{"@id":"https:\/\/straye.no\/tak\/baerekraft\/#primaryimage"},"image":{"@id":"https:\/\/straye.no\/tak\/baerekraft\/#primaryimage"},"thumbnailUrl":"https:\/\/straye.no\/wp-content\/uploads\/2024\/05\/Barekraft_miljo_Straye.jpg","datePublished":"2024-06-06T09:36:59+00:00","dateModified":"2024-06-06T10:08:37+00:00","description":"Vi er stolte av \u00e5 v\u00e6re sertifisert som Milj\u00f8fyrt\u00e5rn og erkjenner betydningen av \u00e5 integrere klima- og milj\u00f8hensyn i v\u00e5re prosjekter.","breadcrumb":{"@id":"https:\/\/straye.no\/tak\/baerekraft\/#breadcrumb"},"inLanguage":"sv-SE","potentialAction":[{"@type":"ReadAction","target":["https:\/\/straye.no\/tak\/baerekraft\/"]}]},{"@type":"ImageObject","inLanguage":"sv-SE","@id":"https:\/\/straye.no\/tak\/baerekraft\/#primaryimage","url":"https:\/\/straye.no\/wp-content\/uploads\/2024\/05\/Barekraft_miljo_Straye.jpg","contentUrl":"https:\/\/straye.no\/wp-content\/uploads\/2024\/05\/Barekraft_miljo_Straye.jpg","width":1600,"height":427},{"@type":"BreadcrumbList","@id":"https:\/\/straye.no\/tak\/baerekraft\/#breadcrumb","itemListElement":[{"@type":"ListItem","position":1,"name":"Hjem","item":"https:\/\/straye.no\/"},{"@type":"ListItem","position":2,"name":"Tak","item":"https:\/\/straye.no\/tak\/"},{"@type":"ListItem","position":3,"name":"B\u00e6rekraft"}]},{"@type":"WebSite","@id":"https:\/\/straye.no\/#website","url":"https:\/\/straye.no\/","name":"Straye Group AS","description":"Straye","potentialAction":[{"@type":"SearchAction","target":{"@type":"EntryPoint","urlTemplate":"https:\/\/straye.no\/?s={search_term_string}"},"query-input":{"@type":"PropertyValueSpecification","valueRequired":true,"valueName":"search_term_string"}}],"inLanguage":"sv-SE"}]}},"_links":{"self":[{"href":"https:\/\/straye.no\/sv\/wp-json\/wp\/v2\/pages\/1927","targetHints":{"allow":["GET"]}}],"collection":[{"href":"https:\/\/straye.no\/sv\/wp-json\/wp\/v2\/pages"}],"about":[{"href":"https:\/\/straye.no\/sv\/wp-json\/wp\/v2\/types\/page"}],"author":[{"embeddable":true,"href":"https:\/\/straye.no\/sv\/wp-json\/wp\/v2\/users\/2"}],"replies":[{"embeddable":true,"href":"https:\/\/straye.no\/sv\/wp-json\/wp\/v2\/comments?post=1927"}],"version-history":[{"count":3,"href":"https:\/\/straye.no\/sv\/wp-json\/wp\/v2\/pages\/1927\/revisions"}],"predecessor-version":[{"id":1936,"href":"https:\/\/straye.no\/sv\/wp-json\/wp\/v2\/pages\/1927\/revisions\/1936"}],"up":[{"embeddable":true,"href":"https:\/\/straye.no\/sv\/wp-json\/wp\/v2\/pages\/1255"}],"wp:featuredmedia":[{"embeddable":true,"href":"https:\/\/straye.no\/sv\/wp-json\/wp\/v2\/media\/1887"}],"wp:attachment":[{"href":"https:\/\/straye.no\/sv\/wp-json\/wp\/v2\/media?parent=1927"}],"wp:term":[{"taxonomy":"post_tag","embeddable":true,"href":"https:\/\/straye.no\/sv\/wp-json\/wp\/v2\/tags?post=1927"},{"taxonomy":"firmaer","embeddable":true,"href":"https:\/\/straye.no\/sv\/wp-json\/wp\/v2\/firmaer?post=1927"}],"curies":[{"name":"wp","href":"https:\/\/api.w.org\/{rel}","templated":true}]}}